{"id":6585,"date":"2018-03-28T18:55:19","date_gmt":"2018-03-28T17:55:19","guid":{"rendered":"http:\/\/araminteriors.com\/?page_id=6585"},"modified":"2021-02-06T13:39:48","modified_gmt":"2021-02-06T12:39:48","slug":"reformes-integrals-barcelona","status":"publish","type":"page","link":"https:\/\/araminteriors.com\/ca\/reformes-integrals-barcelona\/","title":{"rendered":"Reformes integrals a Barcelona"},"content":{"rendered":"<div id=\"pl-6585\"  class=\"panel-layout\" ><div id=\"pg-6585-0\"  class=\"panel-grid panel-no-style\" ><div id=\"pgc-6585-0-0\"  class=\"panel-grid-cell\" ><div id=\"panel-6585-0-0-0\" class=\"so-panel widget widget_sow-editor panel-first-child panel-last-child\" data-index=\"0\" ><div\n\t\t\t\n\t\t\tclass=\"so-widget-sow-editor so-widget-sow-editor-base\"\n\t\t\t\n\t\t>\n<div class=\"siteorigin-widget-tinymce textwidget\">\n\t<p style=\"text-align: justify;\">Realitzem <strong>reformes integrals a Barcelona<\/strong> des de fa m\u00e9s de 25 anys, comptant amb un equip t\u00e8cnic i de interioristes que desenvolupa el projecte des del seu naixement fins a la finalitzaci\u00f3 del mateix,<strong> estudiant les necessitats del client, <\/strong>les possibilitats de l'espai a reformar: <strong>Aportant experi\u00e8ncia, solucions<\/strong> <strong>i idees. <\/strong>Planifiquem l'obra per al compliment en terminis. Tot unit a un equip d'industrials que executen els treballs d'obra amb la m\u00e0xima qualitat i serietat per a un resultat \u00f2ptim.<\/p>\n<p style=\"text-align: justify;\">Duem a terme la <strong>reforma integral del seu pis o habitatge, estudi, loft, casa, oficina o local comercial<\/strong> amb uns <strong>preus molt competitius<\/strong> mantenint sempre uns <strong>alts nivells de qualitat <\/strong> ja que els nostres serveis disposen d'una <strong>garantia total<\/strong>. Ha estat sempre la nostra filosofia d'empresa oferir el millor servei als nostres clients.<\/p>\n<p style=\"text-align: justify;\">Realitzem tamb\u00e9 <strong>reformes integrals de cuines i banys,<\/strong> aix\u00ed com una habitaci\u00f3, un sal\u00f3, moure parets per ampliar o reduir estan\u00e7es, o treballs de rehabilitaci\u00f3 o adequaci\u00f3 com pot ser instal\u00b7lacions el\u00e8ctriques, aire condicionat, fusteria, parquet, pintura, calefacci\u00f3, etc.<\/p>\n<\/div>\n<\/div><\/div><\/div><\/div><div id=\"pg-6585-1\"  class=\"panel-grid panel-no-style\" ><div id=\"pgc-6585-1-0\"  class=\"panel-grid-cell\" ><div id=\"panel-6585-1-0-0\" class=\"so-panel widget widget_sow-editor panel-first-child panel-last-child\" data-index=\"1\" ><div\n\t\t\t\n\t\t\tclass=\"so-widget-sow-editor so-widget-sow-editor-base\"\n\t\t\t\n\t\t>\n<div class=\"siteorigin-widget-tinymce textwidget\">\n\t<p style=\"text-align: justify;\">No dubti a venir al <a title=\"nostre showroom a Barcelona\" href=\"https:\/\/araminteriors.com\/ca\/contacte\/\" target=\"_blank\" rel=\"noopener\">nostre showroom a Barcelona (veure mapa)<\/a> per poder explicar-nos quines s\u00f3n les seves necessitats i desenvoluparem un projecte per a vost\u00e9 totalment personalitzat.<\/p>\n<p>&nbsp;<\/p>\n<h2>Els nostres serveis inclouen:<\/h2>\n<\/div>\n<\/div><\/div><\/div><\/div><div id=\"pg-6585-2\"  class=\"panel-grid panel-has-style\" ><div class=\"siteorigin-panels-stretch panel-row-style panel-row-style-for-6585-2\" data-stretch-type=\"full\" ><div id=\"pgc-6585-2-0\"  class=\"panel-grid-cell\" ><div id=\"panel-6585-2-0-0\" class=\"so-panel widget widget_sow-features panel-first-child panel-last-child\" data-index=\"2\" ><div class=\"panel-widget-style panel-widget-style-for-6585-2-0-0\" ><div\n\t\t\t\n\t\t\tclass=\"so-widget-sow-features so-widget-sow-features-default-f0790febb70f-6585\"\n\t\t\t\n\t\t><ul\n\tclass=\"sow-features-list\n\tsow-features-responsive\">\n\n\t\t\t<li\n\t\t\tclass=\"sow-features-feature sow-icon-container-position-top\"\n\t\t\tstyle=\"display: flex; flex-direction: column; width: calc(100% - 25px);\"\n\t\t>\n\t\t\t\n\t\t\t\t\t\t<div\t\t\t\tclass=\"sow-icon-container sow-container-round\"\n\t\t\t\tstyle=\"color: #e2e2e2; \"\n\t\t\t\t\n\t\t\t\t\t\t\t>\n\t\t\t\t<span class=\"sow-icon-elegantline\" data-sow-icon=\"&#xe032;\"\n\t\tstyle=\"font-size: 28px; color: #000000\" \n\t\taria-hidden=\"true\"><\/span>\t\t\t<\/div>\n\n\t\t\t<div class=\"textwidget\">\n\t\t\t\t\n\t\t\t\t\n\t\t\t\t\t\t\t\t\t<div class=\"sow-features-feature-text\">\n\t\t\t\t\t<p>Realitzaci\u00f3 del projecte estudiant les necessitats del nostre client<\/p>\n\t\t\t\t\t<\/div>\n\t\t\t\t\t\t\t\t<\/div>\n\t\t\t\t\t\t\t\t<\/li>\n\n\t<\/ul>\n<\/div><\/div><\/div><\/div><div id=\"pgc-6585-2-1\"  class=\"panel-grid-cell\" ><div id=\"panel-6585-2-1-0\" class=\"so-panel widget widget_sow-features panel-first-child panel-last-child\" data-index=\"3\" ><div class=\"panel-widget-style panel-widget-style-for-6585-2-1-0\" ><div\n\t\t\t\n\t\t\tclass=\"so-widget-sow-features so-widget-sow-features-default-35bfa9a8b2b7-6585\"\n\t\t\t\n\t\t><ul\n\tclass=\"sow-features-list\n\tsow-features-responsive\">\n\n\t\t\t<li\n\t\t\tclass=\"sow-features-feature sow-icon-container-position-top\"\n\t\t\tstyle=\"display: flex; flex-direction: column; width: calc(100% - 25px);\"\n\t\t>\n\t\t\t\n\t\t\t\t\t\t<div\t\t\t\tclass=\"sow-icon-container sow-container-round\"\n\t\t\t\tstyle=\"color: #e2e2e2; \"\n\t\t\t\t\n\t\t\t\t\t\t\t>\n\t\t\t\t<span class=\"sow-icon-elegantline\" data-sow-icon=\"&#xe005;\"\n\t\tstyle=\"font-size: 32px; color: #000000\" \n\t\taria-hidden=\"true\"><\/span>\t\t\t<\/div>\n\n\t\t\t<div class=\"textwidget\">\n\t\t\t\t\n\t\t\t\t\n\t\t\t\t\t\t\t\t\t<div class=\"sow-features-feature-text\">\n\t\t\t\t\t<p>Presentaci\u00f3 del pressupost (preus, qualitats i terminis de lliurament)<\/p>\n\t\t\t\t\t<\/div>\n\t\t\t\t\t\t\t\t<\/div>\n\t\t\t\t\t\t\t\t<\/li>\n\n\t<\/ul>\n<\/div><\/div><\/div><\/div><div id=\"pgc-6585-2-2\"  class=\"panel-grid-cell\" ><div id=\"panel-6585-2-2-0\" class=\"so-panel widget widget_sow-features panel-first-child panel-last-child\" data-index=\"4\" ><div class=\"panel-widget-style panel-widget-style-for-6585-2-2-0\" ><div\n\t\t\t\n\t\t\tclass=\"so-widget-sow-features so-widget-sow-features-default-f0790febb70f-6585\"\n\t\t\t\n\t\t><ul\n\tclass=\"sow-features-list\n\tsow-features-responsive\">\n\n\t\t\t<li\n\t\t\tclass=\"sow-features-feature sow-icon-container-position-top\"\n\t\t\tstyle=\"display: flex; flex-direction: column; width: calc(100% - 25px);\"\n\t\t>\n\t\t\t\n\t\t\t\t\t\t<div\t\t\t\tclass=\"sow-icon-container sow-container-round\"\n\t\t\t\tstyle=\"color: #e2e2e2; \"\n\t\t\t\t\n\t\t\t\t\t\t\t>\n\t\t\t\t<span class=\"sow-icon-elegantline\" data-sow-icon=\"&#xe00d;\"\n\t\tstyle=\"font-size: 28px; color: #000000\" \n\t\taria-hidden=\"true\"><\/span>\t\t\t<\/div>\n\n\t\t\t<div class=\"textwidget\">\n\t\t\t\t\n\t\t\t\t\n\t\t\t\t\t\t\t\t\t<div class=\"sow-features-feature-text\">\n\t\t\t\t\t<p>Planificaci\u00f3 i execuci\u00f3 de l'obra en els terminis acordats<\/p>\n\t\t\t\t\t<\/div>\n\t\t\t\t\t\t\t\t<\/div>\n\t\t\t\t\t\t\t\t<\/li>\n\n\t<\/ul>\n<\/div><\/div><\/div><\/div><div id=\"pgc-6585-2-3\"  class=\"panel-grid-cell\" ><div id=\"panel-6585-2-3-0\" class=\"so-panel widget widget_sow-features panel-first-child panel-last-child\" data-index=\"5\" ><div class=\"panel-widget-style panel-widget-style-for-6585-2-3-0\" ><div\n\t\t\t\n\t\t\tclass=\"so-widget-sow-features so-widget-sow-features-default-2784e80f4ae0-6585\"\n\t\t\t\n\t\t><ul\n\tclass=\"sow-features-list\n\tsow-features-responsive\">\n\n\t\t\t<li\n\t\t\tclass=\"sow-features-feature sow-icon-container-position-top\"\n\t\t\tstyle=\"display: flex; flex-direction: column; width: calc(100% - 25px);\"\n\t\t>\n\t\t\t\n\t\t\t\t\t\t<div\t\t\t\tclass=\"sow-icon-container sow-container-round\"\n\t\t\t\tstyle=\"color: #e2e2e2; \"\n\t\t\t\t\n\t\t\t\t\t\t\t>\n\t\t\t\t<span class=\"sow-icon-ionicons\" data-sow-icon=\"&#xf3fe;\"\n\t\tstyle=\"font-size: 34px; color: #000000\" \n\t\taria-hidden=\"true\"><\/span>\t\t\t<\/div>\n\n\t\t\t<div class=\"textwidget\">\n\t\t\t\t\n\t\t\t\t\n\t\t\t\t\t\t\t\t\t<div class=\"sow-features-feature-text\">\n\t\t\t\t\t<p>Garantia total dels nostres serveis i materials utilitzats<\/p>\n\t\t\t\t\t<\/div>\n\t\t\t\t\t\t\t\t<\/div>\n\t\t\t\t\t\t\t\t<\/li>\n\n\t<\/ul>\n<\/div><\/div><\/div><\/div><\/div><\/div><div id=\"pg-6585-3\"  class=\"panel-grid panel-no-style\" ><div id=\"pgc-6585-3-0\"  class=\"panel-grid-cell\" ><div id=\"panel-6585-3-0-0\" class=\"so-panel widget widget_sow-editor panel-first-child panel-last-child\" data-index=\"6\" ><div\n\t\t\t\n\t\t\tclass=\"so-widget-sow-editor so-widget-sow-editor-base\"\n\t\t\t\n\t\t>\n<div class=\"siteorigin-widget-tinymce textwidget\">\n\t<h3>La reforma amb nosaltres no pot ser m\u00e9s f\u00e0cil:<\/h3>\n<p style=\"text-align: justify;\">Li assignem un interiorista i un t\u00e8cnic d'obra que l'assessorar\u00e0 en totes les fases del projecte, comen\u00e7ant per orientar-li en la distribuci\u00f3 de l'espai a rehabilitar i en la selecci\u00f3 dels materials m\u00e9s adequats, tant d'obra com d'acabats, ja que treballem amb les<a href=\"https:\/\/araminteriors.com\/ca\/proveidors\/\" rel=\"nofollow\">\u00a0principals marques del sector<\/a> per poder oferir solucions a totes les propostes. Durant l'execuci\u00f3 dels treballs ens ocupem de tots els tr\u00e0mits i processos, perqu\u00e8 no hagi de preocupar-se de res.<\/p>\n<p style=\"text-align: justify;\">Busquem sempre la satisfacci\u00f3 total dels nostres clients ja que considerem que \u00e9s la millor inversi\u00f3 que podem realitzar. Li garantim una reforma integral de qualitat.<\/p>\n<\/div>\n<\/div><\/div><\/div><div id=\"pgc-6585-3-1\"  class=\"panel-grid-cell\" ><div id=\"panel-6585-3-1-0\" class=\"so-panel widget widget_ink-bar-count panel-first-child panel-last-child\" data-index=\"7\" ><div class=\"panel-widget-style panel-widget-style-for-6585-3-1-0\" ><div\n\t\t\t\n\t\t\tclass=\"so-widget-ink-bar-count so-widget-ink-bar-count-bar-2d5f874916a3-6585\"\n\t\t\t\n\t\t><div class=\"iw-so-bar-counter iw-so-bars-animated\">\n\n\t\n\t\t<div class=\"iw-so-bar info-position-above\">\n\t\t\t\t\t\t\t<p class=\"iw-so-bar-title\">ASSIGNACI\u00d3 T\u00c8CNIC I INTERIORISTA<\/p>\n\t\t\t\t\t\t\t\t\t\t<div class=\"iw-so-bar-container\">\n\t\t\t\t<span class=\"iw-so-bar-meter\" aria-valuenow=\"100\"><\/span>\n\t\t\t<\/div>\n\t\t\t\t\t<\/div>\n\n\t\n\t\t<div class=\"iw-so-bar info-position-above\">\n\t\t\t\t\t\t\t<p class=\"iw-so-bar-title\">MATERIALS DE PRIMERA QUALITAT<\/p>\n\t\t\t\t\t\t\t\t\t\t<div class=\"iw-so-bar-container\">\n\t\t\t\t<span class=\"iw-so-bar-meter\" aria-valuenow=\"100\"><\/span>\n\t\t\t<\/div>\n\t\t\t\t\t<\/div>\n\n\t\n\t\t<div class=\"iw-so-bar info-position-above\">\n\t\t\t\t\t\t\t<p class=\"iw-so-bar-title\">ENS OCUPEM DE TOTS ELS TR\u00c0MITS<\/p>\n\t\t\t\t\t\t\t\t\t\t<div class=\"iw-so-bar-container\">\n\t\t\t\t<span class=\"iw-so-bar-meter\" aria-valuenow=\"100\"><\/span>\n\t\t\t<\/div>\n\t\t\t\t\t<\/div>\n\n\t\n\t\t<div class=\"iw-so-bar info-position-above\">\n\t\t\t\t\t\t\t<p class=\"iw-so-bar-title\">SATISFACCI\u00d3 TOTAL DEL NOSTRE CLIENT<\/p>\n\t\t\t\t\t\t\t\t\t\t<div class=\"iw-so-bar-container\">\n\t\t\t\t<span class=\"iw-so-bar-meter\" aria-valuenow=\"100\"><\/span>\n\t\t\t<\/div>\n\t\t\t\t\t<\/div>\n\n\t\n<\/div>\n<\/div><\/div><\/div><\/div><\/div><div id=\"pg-6585-4\"  class=\"panel-grid panel-has-style\" ><div class=\"siteorigin-panels-stretch panel-row-style panel-row-style-for-6585-4\" data-stretch-type=\"full\" ><div id=\"pgc-6585-4-0\"  class=\"panel-grid-cell\" ><div id=\"panel-6585-4-0-0\" class=\"so-panel widget widget_sow-editor panel-first-child panel-last-child\" data-index=\"8\" ><div\n\t\t\t\n\t\t\tclass=\"so-widget-sow-editor so-widget-sow-editor-base\"\n\t\t\t\n\t\t>\n<div class=\"siteorigin-widget-tinymce textwidget\">\n\t<p style=\"text-align: left;\"><img decoding=\"async\" class=\"alignleft wp-image-5333 size-full\" title=\"Projectes d'interiorisme i decoraci\u00f3\" src=\"https:\/\/araminteriors.com\/wp-content\/uploads\/2018\/01\/Proyectos-de-interiorismo-y-decoraci\u00f3n.jpg\" alt=\"Projectes d'interiorisme i decoraci\u00f3\" width=\"850\" height=\"550\" srcset=\"https:\/\/araminteriors.com\/wp-content\/uploads\/2018\/01\/Proyectos-de-interiorismo-y-decoraci\u00f3n.jpg 850w, https:\/\/araminteriors.com\/wp-content\/uploads\/2018\/01\/Proyectos-de-interiorismo-y-decoraci\u00f3n-500x324.jpg 500w, https:\/\/araminteriors.com\/wp-content\/uploads\/2018\/01\/Proyectos-de-interiorismo-y-decoraci\u00f3n-768x497.jpg 768w\" sizes=\"(max-width: 850px) 100vw, 850px\" \/><\/p>\n<\/div>\n<\/div><\/div><\/div><div id=\"pgc-6585-4-1\"  class=\"panel-grid-cell\" ><div id=\"panel-6585-4-1-0\" class=\"so-panel widget widget_sow-editor panel-first-child panel-last-child\" data-index=\"9\" ><div class=\"panel-widget-style panel-widget-style-for-6585-4-1-0\" ><div\n\t\t\t\n\t\t\tclass=\"so-widget-sow-editor so-widget-sow-editor-base\"\n\t\t\t\n\t\t>\n<div class=\"siteorigin-widget-tinymce textwidget\">\n\t<h3 style=\"text-align: left;\">Projectes d'interiorisme:<\/h3>\n<p style=\"text-align: left;\">Sap que podem realitzar el seu projecte complet d'interiorisme i decoraci\u00f3 ? Els nostres interioristes l'assessoraran en tot el necessari perqu\u00e8 la seva reforma integral sigui la que desitja, fins a l'\u00faltim detall, ens ocupem de tot.<\/p>\n<p><a href=\"https:\/\/araminteriors.com\/ca\/interiorisme-disseny-interiors-barcelona\/\">Accedir a la p\u00e0gina -<\/a><\/p>\n<\/div>\n<\/div><\/div><\/div><\/div><\/div><\/div><div id=\"pg-6585-5\"  class=\"panel-grid panel-has-style\" ><div class=\"siteorigin-panels-stretch panel-row-style panel-row-style-for-6585-5\" data-stretch-type=\"full\" ><div id=\"pgc-6585-5-0\"  class=\"panel-grid-cell\" ><div id=\"panel-6585-5-0-0\" class=\"so-panel widget widget_sow-editor panel-first-child panel-last-child\" data-index=\"10\" ><div class=\"panel-widget-style panel-widget-style-for-6585-5-0-0\" ><div\n\t\t\t\n\t\t\tclass=\"so-widget-sow-editor so-widget-sow-editor-base\"\n\t\t\t\n\t\t>\n<div class=\"siteorigin-widget-tinymce textwidget\">\n\t<h3>Selecci\u00f3 de mobiliari:<\/h3>\n<p style=\"text-align: left;\">Treballem diverses firmes de mobiliari, entre les quals destaquem Stua, d'estil contemporani. Disposem de mobiliari per a qualsevol tipus d'estil des de cl\u00e0ssic a modern, ens adaptem al gust del nostre client.<\/p>\n<p style=\"text-align: left;\"><a href=\"https:\/\/araminteriors.com\/ca\/stua-mobles-de-disseny\/\" target=\"_blank\" rel=\"noopener\">Accedir a la p\u00e0gina -<\/a><\/p>\n<\/div>\n<\/div><\/div><\/div><\/div><div id=\"pgc-6585-5-1\"  class=\"panel-grid-cell\" ><div id=\"panel-6585-5-1-0\" class=\"so-panel widget widget_sow-editor panel-first-child panel-last-child\" data-index=\"11\" ><div\n\t\t\t\n\t\t\tclass=\"so-widget-sow-editor so-widget-sow-editor-base\"\n\t\t\t\n\t\t>\n<div class=\"siteorigin-widget-tinymce textwidget\">\n\t<p><img decoding=\"async\" class=\"alignright wp-image-5337\" title=\"Mobles de disseny contemporani STUA\" src=\"https:\/\/araminteriors.com\/wp-content\/uploads\/2018\/01\/Stua-muebles-diseno-contemporaneo-500x333.jpg\" alt=\"Mobles de disseny contemporani STUA\" width=\"600\" height=\"400\" srcset=\"https:\/\/araminteriors.com\/wp-content\/uploads\/2018\/01\/Stua-muebles-diseno-contemporaneo-500x333.jpg 500w, https:\/\/araminteriors.com\/wp-content\/uploads\/2018\/01\/Stua-muebles-diseno-contemporaneo-225x150.jpg 225w, https:\/\/araminteriors.com\/wp-content\/uploads\/2018\/01\/Stua-muebles-diseno-contemporaneo-768x512.jpg 768w, https:\/\/araminteriors.com\/wp-content\/uploads\/2018\/01\/Stua-muebles-diseno-contemporaneo-978x652.jpg 978w, https:\/\/araminteriors.com\/wp-content\/uploads\/2018\/01\/Stua-muebles-diseno-contemporaneo-600x400.jpg 600w, https:\/\/araminteriors.com\/wp-content\/uploads\/2018\/01\/Stua-muebles-diseno-contemporaneo-272x182.jpg 272w, https:\/\/araminteriors.com\/wp-content\/uploads\/2018\/01\/Stua-muebles-diseno-contemporaneo.jpg 1500w\" sizes=\"(max-width: 600px) 100vw, 600px\" \/><\/p>\n<\/div>\n<\/div><\/div><\/div><\/div><\/div><div id=\"pg-6585-6\"  class=\"panel-grid panel-has-style\" ><div class=\"siteorigin-panels-stretch panel-row-style panel-row-style-for-6585-6\" data-stretch-type=\"full\" ><div id=\"pgc-6585-6-0\"  class=\"panel-grid-cell\" ><div id=\"panel-6585-6-0-0\" class=\"so-panel widget widget_sow-editor panel-first-child\" data-index=\"12\" ><div\n\t\t\t\n\t\t\tclass=\"so-widget-sow-editor so-widget-sow-editor-base\"\n\t\t\t\n\t\t>\n<div class=\"siteorigin-widget-tinymce textwidget\">\n\t<h4>Blog de treballs realitzats<\/h4>\n<p>Pot veure una selecci\u00f3 de projectes realitzats i publicats en la nostra secci\u00f3 del blog <a title=\"Blog de treballs de reformes a Barcelona realitzats per Aram Interiors\" href=\"https:\/\/araminteriors.com\/ca\/category\/reformes-a-barcelona\/\" target=\"_blank\" rel=\"noopener\">Reformes a Barcelona<\/a>, o fent clic en les fotografies.<\/p>\n<\/div>\n<\/div><\/div><div id=\"panel-6585-6-0-1\" class=\"so-panel widget widget_sow-post-carousel panel-last-child\" data-index=\"13\" ><div\n\t\t\t\n\t\t\tclass=\"so-widget-sow-post-carousel so-widget-sow-post-carousel-base-ad93eedad001-6585\"\n\t\t\t\n\t\t>\t<div\n\t\tclass=\"sow-post-carousel-wrapper sow-post-carousel-theme-base\"\n\t\tstyle=\"overflow: hidden; max-width: 100%; min-height: 182px\"\n\t>\n\t\t<div class=\"sow-carousel-title\">\n\t\t\t<div class=\"sow-carousel-navigation \">\n\t\t\t\t\t\t<a href=\"#\" class=\"sow-carousel-next\" title=\"Next\" aria-label=\"Next Posts\" role=\"button\"><\/a>\n\t\t\t\t\t\t<a href=\"#\" class=\"sow-carousel-previous\" title=\"Previous\" aria-label=\"Previous Posts\" role=\"button\"><\/a>\n\t\t\t\t\t<\/div>\n\t<\/div>\n\n<div class=\"sow-carousel-container \">\n\t\t<div class=\"sow-carousel-wrapper\"\n\t\tdata-dir=\"ltr\"\n\t\tstyle=\"opacity: 0;\"\n\t\tdata-widget=\"post\" data-fetching=\"false\" data-page=\"1\" data-ajax-url=\"https:\/\/araminteriors.com\/wp-admin\/admin-ajax.php?_widgets_nonce=f96abf8855\" data-item_count=\"5\" data-carousel_settings=\"{&quot;loop&quot;:true,&quot;animation&quot;:&quot;Ease&quot;,&quot;animation_speed&quot;:400,&quot;autoplay&quot;:&quot;&quot;,&quot;pauseOnHover&quot;:&quot;&quot;,&quot;autoplaySpeed&quot;:8000,&quot;item_overflow&quot;:true,&quot;autoplay_continuous_scroll&quot;:false}\" data-responsive=\"{&quot;desktop_slides_to_scroll&quot;:1,&quot;tablet_landscape_breakpoint&quot;:1366,&quot;tablet_landscape_slides_to_scroll&quot;:2,&quot;tablet_portrait_breakpoint&quot;:1025,&quot;tablet_portrait_slides_to_scroll&quot;:2,&quot;mobile_breakpoint&quot;:480,&quot;mobile_slides_to_scroll&quot;:1}\" data-variable_width=\"true\" \t>\n\t\t<div\n\t\t\tclass=\"sow-carousel-items\"\n\t\t\t\t\t>\n\t\t\t\t<div class=\"sow-carousel-item\" tabindex=\"-1\" style=\"float: left;\">\n\t\t<div class=\"sow-carousel-thumbnail\">\n\t\t\t\t\t\t\t<a\n\t\t\t\t\thref=\"https:\/\/araminteriors.com\/ca\/reforma-cuina-oberta-gracia-barcelona\/\"\n\t\t\t\t\t\t\t\t\t\tstyle=\"background-image: url( https:\/\/araminteriors.com\/wp-content\/uploads\/2017\/12\/Reforma-cocina-abierta-Gracia-Imagen-Principal--272x182.jpg )\"\n\t\t\t\t\taria-labelledby=\"sow-carousel-id-6719\"\n\t\t\t\t\ttabindex=\"-1\"\n\t\t\t\t>\n\t\t\t\t\t<span class=\"overlay\"><\/span>\n\t\t\t\t<\/a>\n\t\t\t\t\t<\/div>\n\t\t<h3 class=\"sow-carousel-item-title\">\n\t\t\t<a\n\t\t\t\thref=\"https:\/\/araminteriors.com\/ca\/reforma-cuina-oberta-gracia-barcelona\/\"\n\t\t\t\tid=\"sow-carousel-id-6719\"\n\t\t\t\t\t\t\t\ttabindex=\"-1\"\n\t\t\t>\n\n\t\t\t\tReforma de cuina oberta a Gr\u00e0cia, Barcelona\t\t\t<\/a>\n\t\t<\/h3>\n\t<\/div>\n\t\t<div class=\"sow-carousel-item\" tabindex=\"-1\" style=\"float: left;\">\n\t\t<div class=\"sow-carousel-thumbnail\">\n\t\t\t\t\t\t\t<a\n\t\t\t\t\thref=\"https:\/\/araminteriors.com\/ca\/reforma-cuina-gracia-barcelona\/\"\n\t\t\t\t\t\t\t\t\t\tstyle=\"background-image: url( https:\/\/araminteriors.com\/wp-content\/uploads\/2017\/05\/Vista-principal-cocina-en-Gracia-272x182.jpg )\"\n\t\t\t\t\taria-labelledby=\"sow-carousel-id-6832\"\n\t\t\t\t\ttabindex=\"-1\"\n\t\t\t\t>\n\t\t\t\t\t<span class=\"overlay\"><\/span>\n\t\t\t\t<\/a>\n\t\t\t\t\t<\/div>\n\t\t<h3 class=\"sow-carousel-item-title\">\n\t\t\t<a\n\t\t\t\thref=\"https:\/\/araminteriors.com\/ca\/reforma-cuina-gracia-barcelona\/\"\n\t\t\t\tid=\"sow-carousel-id-6832\"\n\t\t\t\t\t\t\t\ttabindex=\"-1\"\n\t\t\t>\n\n\t\t\t\tReforma de cuina a Gracia, Barcelona\t\t\t<\/a>\n\t\t<\/h3>\n\t<\/div>\n\t\t<div class=\"sow-carousel-item\" tabindex=\"-1\" style=\"float: left;\">\n\t\t<div class=\"sow-carousel-thumbnail\">\n\t\t\t\t\t\t\t<a\n\t\t\t\t\thref=\"https:\/\/araminteriors.com\/ca\/reforma-integral-pis-poble-sec-barcelona\/\"\n\t\t\t\t\t\t\t\t\t\tstyle=\"background-image: url( https:\/\/araminteriors.com\/wp-content\/uploads\/2017\/02\/Reforma-integral-piso-Poble-Sec-Barcelona--e1488392414789-272x182.jpg )\"\n\t\t\t\t\taria-labelledby=\"sow-carousel-id-6920\"\n\t\t\t\t\ttabindex=\"-1\"\n\t\t\t\t>\n\t\t\t\t\t<span class=\"overlay\"><\/span>\n\t\t\t\t<\/a>\n\t\t\t\t\t<\/div>\n\t\t<h3 class=\"sow-carousel-item-title\">\n\t\t\t<a\n\t\t\t\thref=\"https:\/\/araminteriors.com\/ca\/reforma-integral-pis-poble-sec-barcelona\/\"\n\t\t\t\tid=\"sow-carousel-id-6920\"\n\t\t\t\t\t\t\t\ttabindex=\"-1\"\n\t\t\t>\n\n\t\t\t\tReforma integral pis al Poble Sec, Barcelona\t\t\t<\/a>\n\t\t<\/h3>\n\t<\/div>\n\t\t<div class=\"sow-carousel-item\" tabindex=\"-1\" style=\"float: left;\">\n\t\t<div class=\"sow-carousel-thumbnail\">\n\t\t\t\t\t\t\t<a\n\t\t\t\t\thref=\"https:\/\/araminteriors.com\/ca\/reforma-bany-a-sarria-barcelona\/\"\n\t\t\t\t\t\t\t\t\t\tstyle=\"background-image: url( https:\/\/araminteriors.com\/wp-content\/uploads\/2017\/03\/Reforma-de-ba\u00f1o-Sarria-Barcelona-272x182.jpg )\"\n\t\t\t\t\taria-labelledby=\"sow-carousel-id-6893\"\n\t\t\t\t\ttabindex=\"-1\"\n\t\t\t\t>\n\t\t\t\t\t<span class=\"overlay\"><\/span>\n\t\t\t\t<\/a>\n\t\t\t\t\t<\/div>\n\t\t<h3 class=\"sow-carousel-item-title\">\n\t\t\t<a\n\t\t\t\thref=\"https:\/\/araminteriors.com\/ca\/reforma-bany-a-sarria-barcelona\/\"\n\t\t\t\tid=\"sow-carousel-id-6893\"\n\t\t\t\t\t\t\t\ttabindex=\"-1\"\n\t\t\t>\n\n\t\t\t\tReforma de bany a Sarri\u00e0, Barcelona\t\t\t<\/a>\n\t\t<\/h3>\n\t<\/div>\n\t\t<div class=\"sow-carousel-item\" tabindex=\"-1\" style=\"float: left;\">\n\t\t<div class=\"sow-carousel-thumbnail\">\n\t\t\t\t\t\t\t<a\n\t\t\t\t\thref=\"https:\/\/araminteriors.com\/ca\/reforma-cuina-a-sarria-barcelona\/\"\n\t\t\t\t\t\t\t\t\t\tstyle=\"background-image: url( https:\/\/araminteriors.com\/wp-content\/uploads\/2015\/01\/Reforma-cocina-Sarria-Barcelona--272x182.jpg )\"\n\t\t\t\t\taria-labelledby=\"sow-carousel-id-6877\"\n\t\t\t\t\ttabindex=\"-1\"\n\t\t\t\t>\n\t\t\t\t\t<span class=\"overlay\"><\/span>\n\t\t\t\t<\/a>\n\t\t\t\t\t<\/div>\n\t\t<h3 class=\"sow-carousel-item-title\">\n\t\t\t<a\n\t\t\t\thref=\"https:\/\/araminteriors.com\/ca\/reforma-cuina-a-sarria-barcelona\/\"\n\t\t\t\tid=\"sow-carousel-id-6877\"\n\t\t\t\t\t\t\t\ttabindex=\"-1\"\n\t\t\t>\n\n\t\t\t\tReforma cuina a Sarri\u00e0, Barcelona\t\t\t<\/a>\n\t\t<\/h3>\n\t<\/div>\n\t\t\t<\/div>\n\t\t\t<\/div>\n\n\t<\/div>\n\t\t<input type=\"hidden\" name=\"instance_hash\" value=\"5b6444a9\"\/>\n\t<\/div>\n<\/div><\/div><\/div><\/div><\/div><div id=\"pg-6585-7\"  class=\"panel-grid panel-no-style\" ><div id=\"pgc-6585-7-0\"  class=\"panel-grid-cell\" ><div id=\"panel-6585-7-0-0\" class=\"so-panel widget widget_sow-editor panel-first-child panel-last-child\" data-index=\"14\" ><div\n\t\t\t\n\t\t\tclass=\"so-widget-sow-editor so-widget-sow-editor-base\"\n\t\t\t\n\t\t>\n<div class=\"siteorigin-widget-tinymce textwidget\">\n\t<p>[ssbp]<\/p>\n<\/div>\n<\/div><\/div><\/div><\/div><\/div>","protected":false},"excerpt":{"rendered":"<p>En aquest apartament situat en el casc antic del barri de Sarri\u00e0, a Barcelona, hem &#8230; <\/p>\n<p class=\"read-more-container\"><a title=\"Reforma cuina a Sarri\u00e0, Barcelona\" class=\"read-more button\" href=\"https:\/\/araminteriors.com\/ca\/reforma-cuina-a-sarria-barcelona\/#more-6877\" aria-label=\"M\u00e9s informaci\u00f3 sobre Reforma cuina a Sarri\u00e0, Barcelona\">Leer m\u00e1s<\/a><\/p>\n","protected":false},"author":3,"featured_media":6091,"parent":0,"menu_order":0,"comment_status":"closed","ping_status":"closed","template":"","meta":{"generate_page_header":"","footnotes":""},"class_list":["post-6585","page","type-page","status-publish","has-post-thumbnail","hentry","generate-columns","tablet-grid-50","mobile-grid-100","grid-parent","grid-33"],"aioseo_notices":[],"_links":{"self":[{"href":"https:\/\/araminteriors.com\/ca\/wp-json\/wp\/v2\/pages\/6585","targetHints":{"allow":["GET"]}}],"collection":[{"href":"https:\/\/araminteriors.com\/ca\/wp-json\/wp\/v2\/pages"}],"about":[{"href":"https:\/\/araminteriors.com\/ca\/wp-json\/wp\/v2\/types\/page"}],"author":[{"embeddable":true,"href":"https:\/\/araminteriors.com\/ca\/wp-json\/wp\/v2\/users\/3"}],"replies":[{"embeddable":true,"href":"https:\/\/araminteriors.com\/ca\/wp-json\/wp\/v2\/comments?post=6585"}],"version-history":[{"count":3,"href":"https:\/\/araminteriors.com\/ca\/wp-json\/wp\/v2\/pages\/6585\/revisions"}],"predecessor-version":[{"id":15029,"href":"https:\/\/araminteriors.com\/ca\/wp-json\/wp\/v2\/pages\/6585\/revisions\/15029"}],"wp:featuredmedia":[{"embeddable":true,"href":"https:\/\/araminteriors.com\/ca\/wp-json\/wp\/v2\/media\/6091"}],"wp:attachment":[{"href":"https:\/\/araminteriors.com\/ca\/wp-json\/wp\/v2\/media?parent=6585"}],"curies":[{"name":"wp","href":"https:\/\/api.w.org\/{rel}","templated":true}]}}