{"id":6600,"date":"2018-03-29T09:40:35","date_gmt":"2018-03-29T08:40:35","guid":{"rendered":"http:\/\/araminteriors.com\/?page_id=6600"},"modified":"2018-04-07T14:27:52","modified_gmt":"2018-04-07T13:27:52","slug":"aigueres-franke","status":"publish","type":"page","link":"https:\/\/araminteriors.com\/ca\/cuines\/electrodomestics\/aigueres-franke\/","title":{"rendered":"Franke aig\u00fceres"},"content":{"rendered":"<div id=\"pl-6600\"  class=\"panel-layout\" ><div id=\"pg-6600-0\"  class=\"panel-grid panel-no-style\" ><div id=\"pgc-6600-0-0\"  class=\"panel-grid-cell\" ><div id=\"panel-6600-0-0-0\" class=\"so-panel widget widget_black-studio-tinymce widget_black_studio_tinymce panel-first-child panel-last-child\" data-index=\"0\" ><div class=\"textwidget\"><p><figure id=\"attachment_5371\" aria-describedby=\"caption-attachment-5371\" style=\"width: 490px\" class=\"wp-caption alignleft\"><img decoding=\"async\" class=\"wp-image-5371 size-medium\" title=\"Franke aig\u00fceres portfoli\" src=\"https:\/\/araminteriors.com\/wp-content\/uploads\/2018\/02\/Franke-Fregaderas-Portfolio-500x333.jpg\" alt=\"Franke aig\u00fceres portfoli\" width=\"500\" height=\"333\" srcset=\"https:\/\/araminteriors.com\/wp-content\/uploads\/2018\/02\/Franke-Fregaderas-Portfolio-500x333.jpg 500w, https:\/\/araminteriors.com\/wp-content\/uploads\/2018\/02\/Franke-Fregaderas-Portfolio-225x150.jpg 225w, https:\/\/araminteriors.com\/wp-content\/uploads\/2018\/02\/Franke-Fregaderas-Portfolio-272x182.jpg 272w, https:\/\/araminteriors.com\/wp-content\/uploads\/2018\/02\/Franke-Fregaderas-Portfolio.jpg 600w\" sizes=\"(max-width: 500px) 100vw, 500px\" \/><figcaption id=\"caption-attachment-5371\" class=\"wp-caption-text\">Franke aig\u00fceres<\/figcaption><\/figure><\/p>\n<\/div><\/div><\/div><div id=\"pgc-6600-0-1\"  class=\"panel-grid-cell\" ><div id=\"panel-6600-0-1-0\" class=\"so-panel widget widget_black-studio-tinymce widget_black_studio_tinymce panel-first-child panel-last-child\" data-index=\"1\" ><div class=\"panel-widget-style panel-widget-style-for-6600-0-1-0\" ><div class=\"textwidget\"><p style=\"text-align: justify;\">Franke electrodom\u00e8stics \u00e9s un fabricant su\u00eds que fabrica electrodom\u00e8stics de diferentes gammes, des de la cocci\u00f3 passant pel fred, extracci\u00f3, i est\u00e0 realment especialitzat en aig\u00fceres, centrant gran part de la seva producci\u00f3 a la fabricaci\u00f3 d'aquests.<\/p>\n<p style=\"text-align: justify;\">Des d'Aram interiors fem una selecci\u00f3 dels productes de cada fabricant que considerem millors per oferir als nostres clients , sent en aquest cas important destacar els seg\u00fcents elements:<\/p>\n<\/div><\/div><\/div><\/div><\/div><div id=\"pg-6600-1\"  class=\"panel-grid panel-no-style\" ><div id=\"pgc-6600-1-0\"  class=\"panel-grid-cell\" ><div id=\"panel-6600-1-0-0\" class=\"so-panel widget widget_sow-editor panel-first-child panel-last-child\" data-index=\"2\" ><div\n\t\t\t\n\t\t\tclass=\"so-widget-sow-editor so-widget-sow-editor-base\"\n\t\t\t\n\t\t>\n<div class=\"siteorigin-widget-tinymce textwidget\">\n\t<h2>Aig\u00fceres<\/h2>\n<p style=\"text-align: justify;\">Per a les aig\u00fceres, els materials utilitzats per a la fabricaci\u00f3 s\u00f3n<strong> l'acer inoxidable<\/strong>, el <strong>Fraganite<\/strong> (compost en un 80% de granit natural, protecci\u00f3 antibacterias 99%), <strong>Tectonite<\/strong> (mescla de resines, material d'alta resist\u00e8ncia) i alguns models de les gammes anteriors amb un acabat cristall superposat.<\/p>\n<p style=\"text-align: justify;\">Franke posseeix un ampli cat\u00e0leg amb diferents formes i mesures que s'adapta a qualsevol tipus de cuina. La seva<strong> instal\u00b7laci\u00f3 es pot realitzar tant d'encasti, enrasat i sota damunter<\/strong>. Aquesta elecci\u00f3 acostuma a seguir sempre un criteri est\u00e8tic encara que els avantatges d'un o un altre existeixen, una fregadera col\u00b7locada sota damunter per exemple, ens permet netejar la mateixa amb un acc\u00e9s m\u00e9s f\u00e0cil a l'aig\u00fcera, sense cap gra\u00f3, per\u00f2 amb aquest format renunciem al pr\u00e0ctic escurridor que ens \u00e9s de gran utilitat en moltes ocasions.<\/p>\n<p style=\"text-align: justify;\">A causa de l'extensa<strong> varietat d'acabats de colors<\/strong> per determinats models d'aig\u00fceres -<strong> Blanc, caf\u00e8, carboni, marr\u00f3 i Titanium per al material Tectonite i blanc, alumini, grafit, xocolata, onyx i sahara per al Fraganite<\/strong>- podem realitzar combinacions que s'adaptin al m\u00e0xim a les exig\u00e8ncies dels nostres clients quant a combinacions de colors, acabats i tactes, tot aix\u00f2 amb el complement de l'ampli assortiment d'accessoris que ens ofereix la marca sempre molt \u00fatils a l'hora de cuinar i que s\u00f3n espec\u00edfics per a cada model,\u00a0 pel que es garanteix la idone\u00eftat de les peces i el seu ajustament.<\/p>\n<h2 style=\"text-align: justify;\">Grifer\u00edas<\/h2>\n<p style=\"text-align: justify;\">Referent a les aixeteries destaquem no solament el disseny si no tamb\u00e9 la qualitat dels materials utilitzats, com els cartutxos cer\u00e0mics ecol\u00f2gics, claus de pas amb filtre, airejador. Quant a funcionalitat -extra\u00efbles amb posici\u00f3 de doll o dutxa, aixetes que giren 360\u00ba- , sempre parlant d'acabats de primera qualitat per poder mantenir-se en perfecte estat durant molts anys en la seva cuina.<\/p>\n<h2 style=\"text-align: justify;\">Gesti\u00f3 de residus<\/h2>\n<p style=\"text-align: justify;\">Quant a la gesti\u00f3 de residus, Franke disposa d'una gamma per a integraci\u00f3 dins del moble aig\u00fcera la qual soluciona el problema de necessitar diverses galledes per al reciclatge, i poder tenir ben organitzats els residus, al mateix temps que s'amaguen dins d'un moble. L'acc\u00e9s a aquest moble pot ser a trav\u00e9s del tirador de la porta o amb sistema Push, donant un lleuger cop amb el genoll s'obrir\u00e0 la porta.<\/p>\n<p style=\"text-align: justify;\">En el cas de necessitar una <a title=\"Reforma integral de la cuina\" href=\"https:\/\/araminteriors.com\/ca\/cuines\/\">reforma de la seva cuina<\/a>, cons\u00faltins, podem realitzar un estudi.<\/p>\n<p>Consulti'ns per a m\u00e9s<a title=\"Contacte\" href=\"https:\/\/araminteriors.com\/ca\/contacte\/\" target=\"_blank\" rel=\"noopener\">\u00a0informaci\u00f3 de producte.<\/a><\/p>\n<h3 style=\"text-align: center;\">GALERIA<\/h3>\n<div id='gallery-1' class='gallery galleryid-6600 gallery-columns-3 gallery-size-medium'><figure class='gallery-item'>\n\t\t\t<div class='gallery-icon landscape'>\n\t\t\t\t<a href='https:\/\/araminteriors.com\/wp-content\/uploads\/2014\/03\/Fregadera-Mythos-Fusion-Fraganite.png'><img decoding=\"async\" width=\"454\" height=\"400\" src=\"https:\/\/araminteriors.com\/wp-content\/uploads\/2014\/03\/Fregadera-Mythos-Fusion-Fraganite-454x400.png\" class=\"attachment-medium size-medium\" alt=\"Aig\u00fcera Mythos Fusion Fraganite\" aria-describedby=\"gallery-1-5718\" srcset=\"https:\/\/araminteriors.com\/wp-content\/uploads\/2014\/03\/Fregadera-Mythos-Fusion-Fraganite-454x400.png 454w, https:\/\/araminteriors.com\/wp-content\/uploads\/2014\/03\/Fregadera-Mythos-Fusion-Fraganite.png 500w\" sizes=\"(max-width: 454px) 100vw, 454px\" \/><\/a>\n\t\t\t<\/div>\n\t\t\t\t<figcaption class='wp-caption-text gallery-caption' id='gallery-1-5718'>\n\t\t\t\tAig\u00fcera Mythos Fusion Fraganite\n\t\t\t\t<\/figcaption><\/figure><figure class='gallery-item'>\n\t\t\t<div class='gallery-icon landscape'>\n\t\t\t\t<a href='https:\/\/araminteriors.com\/wp-content\/uploads\/2014\/03\/Fregadero-Aquario-Acero.png'><img decoding=\"async\" width=\"454\" height=\"400\" src=\"https:\/\/araminteriors.com\/wp-content\/uploads\/2014\/03\/Fregadero-Aquario-Acero-454x400.png\" class=\"attachment-medium size-medium\" alt=\"Aig\u00fcera Aquario acer\" aria-describedby=\"gallery-1-5720\" srcset=\"https:\/\/araminteriors.com\/wp-content\/uploads\/2014\/03\/Fregadero-Aquario-Acero-454x400.png 454w, https:\/\/araminteriors.com\/wp-content\/uploads\/2014\/03\/Fregadero-Aquario-Acero.png 500w\" sizes=\"(max-width: 454px) 100vw, 454px\" \/><\/a>\n\t\t\t<\/div>\n\t\t\t\t<figcaption class='wp-caption-text gallery-caption' id='gallery-1-5720'>\n\t\t\t\tAig\u00fcera Aquario acer\n\t\t\t\t<\/figcaption><\/figure><figure class='gallery-item'>\n\t\t\t<div class='gallery-icon landscape'>\n\t\t\t\t<a href='https:\/\/araminteriors.com\/wp-content\/uploads\/2014\/03\/Fregadera-Sirius-620-Tectonite.png'><img decoding=\"async\" width=\"454\" height=\"400\" src=\"https:\/\/araminteriors.com\/wp-content\/uploads\/2014\/03\/Fregadera-Sirius-620-Tectonite-454x400.png\" class=\"attachment-medium size-medium\" alt=\"Aig\u00fcera Sirius 620 Tectonite\" aria-describedby=\"gallery-1-5726\" srcset=\"https:\/\/araminteriors.com\/wp-content\/uploads\/2014\/03\/Fregadera-Sirius-620-Tectonite-454x400.png 454w, https:\/\/araminteriors.com\/wp-content\/uploads\/2014\/03\/Fregadera-Sirius-620-Tectonite.png 500w\" sizes=\"(max-width: 454px) 100vw, 454px\" \/><\/a>\n\t\t\t<\/div>\n\t\t\t\t<figcaption class='wp-caption-text gallery-caption' id='gallery-1-5726'>\n\t\t\t\tAig\u00fcera Sirius 620 Tectonite\n\t\t\t\t<\/figcaption><\/figure><figure class='gallery-item'>\n\t\t\t<div class='gallery-icon landscape'>\n\t\t\t\t<a href='https:\/\/araminteriors.com\/wp-content\/uploads\/2014\/03\/Fregadera-Planario-110-Acero.png'><img decoding=\"async\" width=\"454\" height=\"400\" src=\"https:\/\/araminteriors.com\/wp-content\/uploads\/2014\/03\/Fregadera-Planario-110-Acero-454x400.png\" class=\"attachment-medium size-medium\" alt=\"Aig\u00fcera Planario 110 acer\" aria-describedby=\"gallery-1-5728\" srcset=\"https:\/\/araminteriors.com\/wp-content\/uploads\/2014\/03\/Fregadera-Planario-110-Acero-454x400.png 454w, https:\/\/araminteriors.com\/wp-content\/uploads\/2014\/03\/Fregadera-Planario-110-Acero.png 500w\" sizes=\"(max-width: 454px) 100vw, 454px\" \/><\/a>\n\t\t\t<\/div>\n\t\t\t\t<figcaption class='wp-caption-text gallery-caption' id='gallery-1-5728'>\n\t\t\t\tAig\u00fcera Planario 110  acer\n\t\t\t\t<\/figcaption><\/figure><figure class='gallery-item'>\n\t\t\t<div class='gallery-icon landscape'>\n\t\t\t\t<a href='https:\/\/araminteriors.com\/wp-content\/uploads\/2014\/03\/Fregadera-Kubus-enrasada-Acero.png'><img decoding=\"async\" width=\"454\" height=\"400\" src=\"https:\/\/araminteriors.com\/wp-content\/uploads\/2014\/03\/Fregadera-Kubus-enrasada-Acero-454x400.png\" class=\"attachment-medium size-medium\" alt=\"Aig\u00fcera Kubus enrasada acer\" aria-describedby=\"gallery-1-5717\" srcset=\"https:\/\/araminteriors.com\/wp-content\/uploads\/2014\/03\/Fregadera-Kubus-enrasada-Acero-454x400.png 454w, https:\/\/araminteriors.com\/wp-content\/uploads\/2014\/03\/Fregadera-Kubus-enrasada-Acero.png 500w\" sizes=\"(max-width: 454px) 100vw, 454px\" \/><\/a>\n\t\t\t<\/div>\n\t\t\t\t<figcaption class='wp-caption-text gallery-caption' id='gallery-1-5717'>\n\t\t\t\tAig\u00fcera Kubus enrasada acer\n\t\t\t\t<\/figcaption><\/figure><figure class='gallery-item'>\n\t\t\t<div class='gallery-icon landscape'>\n\t\t\t\t<a href='https:\/\/araminteriors.com\/wp-content\/uploads\/2014\/03\/Fregadera-Planario-Acero.png'><img decoding=\"async\" width=\"454\" height=\"400\" src=\"https:\/\/araminteriors.com\/wp-content\/uploads\/2014\/03\/Fregadera-Planario-Acero-454x400.png\" class=\"attachment-medium size-medium\" alt=\"Aig\u00fcera Planario acer\" aria-describedby=\"gallery-1-5719\" srcset=\"https:\/\/araminteriors.com\/wp-content\/uploads\/2014\/03\/Fregadera-Planario-Acero-454x400.png 454w, https:\/\/araminteriors.com\/wp-content\/uploads\/2014\/03\/Fregadera-Planario-Acero.png 500w\" sizes=\"(max-width: 454px) 100vw, 454px\" \/><\/a>\n\t\t\t<\/div>\n\t\t\t\t<figcaption class='wp-caption-text gallery-caption' id='gallery-1-5719'>\n\t\t\t\tAig\u00fcera Planario acer\n\t\t\t\t<\/figcaption><\/figure><figure class='gallery-item'>\n\t\t\t<div class='gallery-icon landscape'>\n\t\t\t\t<a href='https:\/\/araminteriors.com\/wp-content\/uploads\/2014\/03\/Griferia-Ambient-ca\u00f1o-extraible.png'><img decoding=\"async\" width=\"454\" height=\"400\" src=\"https:\/\/araminteriors.com\/wp-content\/uploads\/2014\/03\/Griferia-Ambient-ca\u00f1o-extraible-454x400.png\" class=\"attachment-medium size-medium\" alt=\"Grifer\u00eda Ambient canella extraible\" aria-describedby=\"gallery-1-5722\" srcset=\"https:\/\/araminteriors.com\/wp-content\/uploads\/2014\/03\/Griferia-Ambient-ca\u00f1o-extraible-454x400.png 454w, https:\/\/araminteriors.com\/wp-content\/uploads\/2014\/03\/Griferia-Ambient-ca\u00f1o-extraible.png 500w\" sizes=\"(max-width: 454px) 100vw, 454px\" \/><\/a>\n\t\t\t<\/div>\n\t\t\t\t<figcaption class='wp-caption-text gallery-caption' id='gallery-1-5722'>\n\t\t\t\tGrifer\u00eda Ambient canella extraible\n\t\t\t\t<\/figcaption><\/figure><figure class='gallery-item'>\n\t\t\t<div class='gallery-icon landscape'>\n\t\t\t\t<a href='https:\/\/araminteriors.com\/wp-content\/uploads\/2014\/03\/Grifer\u00eda-Esprit.png'><img decoding=\"async\" width=\"454\" height=\"400\" src=\"https:\/\/araminteriors.com\/wp-content\/uploads\/2014\/03\/Grifer\u00eda-Esprit-454x400.png\" class=\"attachment-medium size-medium\" alt=\"\" aria-describedby=\"gallery-1-5724\" srcset=\"https:\/\/araminteriors.com\/wp-content\/uploads\/2014\/03\/Grifer\u00eda-Esprit-454x400.png 454w, https:\/\/araminteriors.com\/wp-content\/uploads\/2014\/03\/Grifer\u00eda-Esprit.png 500w\" sizes=\"(max-width: 454px) 100vw, 454px\" \/><\/a>\n\t\t\t<\/div>\n\t\t\t\t<figcaption class='wp-caption-text gallery-caption' id='gallery-1-5724'>\n\t\t\t\tGrifer\u00eda Esprit\n\t\t\t\t<\/figcaption><\/figure><figure class='gallery-item'>\n\t\t\t<div class='gallery-icon landscape'>\n\t\t\t\t<a href='https:\/\/araminteriors.com\/wp-content\/uploads\/2014\/03\/Grifer\u00eda-Oversize-semi-pro.png'><img decoding=\"async\" width=\"454\" height=\"400\" src=\"https:\/\/araminteriors.com\/wp-content\/uploads\/2014\/03\/Grifer\u00eda-Oversize-semi-pro-454x400.png\" class=\"attachment-medium size-medium\" alt=\"\" aria-describedby=\"gallery-1-5725\" srcset=\"https:\/\/araminteriors.com\/wp-content\/uploads\/2014\/03\/Grifer\u00eda-Oversize-semi-pro-454x400.png 454w, https:\/\/araminteriors.com\/wp-content\/uploads\/2014\/03\/Grifer\u00eda-Oversize-semi-pro.png 500w\" sizes=\"(max-width: 454px) 100vw, 454px\" \/><\/a>\n\t\t\t<\/div>\n\t\t\t\t<figcaption class='wp-caption-text gallery-caption' id='gallery-1-5725'>\n\t\t\t\tGrifer\u00eda Oversize semi-pro\n\t\t\t\t<\/figcaption><\/figure>\n\t\t<\/div>\n\n<\/div>\n<\/div><\/div><\/div><\/div><div id=\"pg-6600-2\"  class=\"panel-grid panel-no-style\" ><div id=\"pgc-6600-2-0\"  class=\"panel-grid-cell\" ><div id=\"panel-6600-2-0-0\" class=\"so-panel widget widget_sow-editor panel-first-child panel-last-child\" data-index=\"3\" ><div\n\t\t\t\n\t\t\tclass=\"so-widget-sow-editor so-widget-sow-editor-base\"\n\t\t\t\n\t\t>\n<div class=\"siteorigin-widget-tinymce textwidget\">\n\t<p><a href=\"https:\/\/araminteriors.com\/ca\/cuines\/electrodomestics\/\">Tornar a Electrodom\u00e8stics -<\/a><\/p>\n<\/div>\n<\/div><\/div><\/div><\/div><div id=\"pg-6600-3\"  class=\"panel-grid panel-has-style\" ><div class=\"siteorigin-panels-stretch panel-row-style panel-row-style-for-6600-3\" data-stretch-type=\"full\" ><div id=\"pgc-6600-3-0\"  class=\"panel-grid-cell\" ><div id=\"panel-6600-3-0-0\" class=\"so-panel widget widget_sow-post-carousel panel-first-child panel-last-child\" data-index=\"4\" ><div\n\t\t\t\n\t\t\tclass=\"so-widget-sow-post-carousel so-widget-sow-post-carousel-base-ad93eedad001-6600\"\n\t\t\t\n\t\t>\t<div\n\t\tclass=\"sow-post-carousel-wrapper sow-post-carousel-theme-base\"\n\t\tstyle=\"overflow: hidden; max-width: 100%; min-height: 182px\"\n\t>\n\t\t<div class=\"sow-carousel-title has-title\">\n\t<h3 class=\"widget-title\">P\u00e0gines relacionades:<\/h3>\t\t<div class=\"sow-carousel-navigation \">\n\t\t\t\t\t\t<a href=\"#\" class=\"sow-carousel-next\" title=\"Next\" aria-label=\"Next Posts\" role=\"button\"><\/a>\n\t\t\t\t\t\t<a href=\"#\" class=\"sow-carousel-previous\" title=\"Previous\" aria-label=\"Previous Posts\" role=\"button\"><\/a>\n\t\t\t\t\t<\/div>\n\t<\/div>\n\n<div class=\"sow-carousel-container \">\n\t\t<div class=\"sow-carousel-wrapper\"\n\t\tdata-dir=\"ltr\"\n\t\tstyle=\"opacity: 0;\"\n\t\tdata-widget=\"post\" data-fetching=\"false\" data-page=\"1\" data-ajax-url=\"https:\/\/araminteriors.com\/wp-admin\/admin-ajax.php?_widgets_nonce=b8777710df\" data-item_count=\"3\" data-carousel_settings=\"{&quot;loop&quot;:true,&quot;animation&quot;:&quot;Ease&quot;,&quot;animation_speed&quot;:400,&quot;autoplay&quot;:&quot;&quot;,&quot;pauseOnHover&quot;:&quot;&quot;,&quot;autoplaySpeed&quot;:8000,&quot;item_overflow&quot;:true,&quot;autoplay_continuous_scroll&quot;:false}\" data-responsive=\"{&quot;desktop_slides_to_scroll&quot;:1,&quot;tablet_landscape_breakpoint&quot;:1366,&quot;tablet_landscape_slides_to_scroll&quot;:2,&quot;tablet_portrait_breakpoint&quot;:1025,&quot;tablet_portrait_slides_to_scroll&quot;:2,&quot;mobile_breakpoint&quot;:480,&quot;mobile_slides_to_scroll&quot;:1}\" data-variable_width=\"true\" \t>\n\t\t<div\n\t\t\tclass=\"sow-carousel-items\"\n\t\t\t\t\t>\n\t\t\t\t<div class=\"sow-carousel-item\" tabindex=\"-1\" style=\"float: left;\">\n\t\t<div class=\"sow-carousel-thumbnail\">\n\t\t\t\t\t\t\t<a\n\t\t\t\t\thref=\"https:\/\/araminteriors.com\/ca\/cuines\/electrodomestics\/frigorifics-liebherr\/\"\n\t\t\t\t\t\t\t\t\t\tstyle=\"background-image: url( https:\/\/araminteriors.com\/wp-content\/uploads\/2018\/02\/Liebherr-frigorificos-portfolio-272x182.jpg )\"\n\t\t\t\t\taria-labelledby=\"sow-carousel-id-6629\"\n\t\t\t\t\ttabindex=\"-1\"\n\t\t\t\t>\n\t\t\t\t\t<span class=\"overlay\"><\/span>\n\t\t\t\t<\/a>\n\t\t\t\t\t<\/div>\n\t\t<h3 class=\"sow-carousel-item-title\">\n\t\t\t<a\n\t\t\t\thref=\"https:\/\/araminteriors.com\/ca\/cuines\/electrodomestics\/frigorifics-liebherr\/\"\n\t\t\t\tid=\"sow-carousel-id-6629\"\n\t\t\t\t\t\t\t\ttabindex=\"-1\"\n\t\t\t>\n\n\t\t\t\tLiebherr frigor\u00edfics\t\t\t<\/a>\n\t\t<\/h3>\n\t<\/div>\n\t\t<div class=\"sow-carousel-item\" tabindex=\"-1\" style=\"float: left;\">\n\t\t<div class=\"sow-carousel-thumbnail\">\n\t\t\t\t\t\t\t<a\n\t\t\t\t\thref=\"https:\/\/araminteriors.com\/ca\/cuines\/electrodomestics\/aixeta-insinkerator-aigua-a-98o\/\"\n\t\t\t\t\t\t\t\t\t\tstyle=\"background-image: url( https:\/\/araminteriors.com\/wp-content\/uploads\/2018\/02\/Griferia-In-SinkErator-98\u00ba-272x182.jpg )\"\n\t\t\t\t\taria-labelledby=\"sow-carousel-id-6613\"\n\t\t\t\t\ttabindex=\"-1\"\n\t\t\t\t>\n\t\t\t\t\t<span class=\"overlay\"><\/span>\n\t\t\t\t<\/a>\n\t\t\t\t\t<\/div>\n\t\t<h3 class=\"sow-carousel-item-title\">\n\t\t\t<a\n\t\t\t\thref=\"https:\/\/araminteriors.com\/ca\/cuines\/electrodomestics\/aixeta-insinkerator-aigua-a-98o\/\"\n\t\t\t\tid=\"sow-carousel-id-6613\"\n\t\t\t\t\t\t\t\ttabindex=\"-1\"\n\t\t\t>\n\n\t\t\t\tAixeta InSinkErator aig\u00fca a 98\u00ba\t\t\t<\/a>\n\t\t<\/h3>\n\t<\/div>\n\t\t<div class=\"sow-carousel-item\" tabindex=\"-1\" style=\"float: left;\">\n\t\t<div class=\"sow-carousel-thumbnail\">\n\t\t\t\t\t\t\t<a\n\t\t\t\t\thref=\"https:\/\/araminteriors.com\/ca\/cuines\/electrodomestics\/aigueres-franke\/\"\n\t\t\t\t\t\t\t\t\t\tstyle=\"background-image: url( https:\/\/araminteriors.com\/wp-content\/uploads\/2018\/02\/Franke-Fregaderas-Portfolio-272x182.jpg )\"\n\t\t\t\t\taria-labelledby=\"sow-carousel-id-6600\"\n\t\t\t\t\ttabindex=\"-1\"\n\t\t\t\t>\n\t\t\t\t\t<span class=\"overlay\"><\/span>\n\t\t\t\t<\/a>\n\t\t\t\t\t<\/div>\n\t\t<h3 class=\"sow-carousel-item-title\">\n\t\t\t<a\n\t\t\t\thref=\"https:\/\/araminteriors.com\/ca\/cuines\/electrodomestics\/aigueres-franke\/\"\n\t\t\t\tid=\"sow-carousel-id-6600\"\n\t\t\t\t\t\t\t\ttabindex=\"-1\"\n\t\t\t>\n\n\t\t\t\tFranke aig\u00fceres\t\t\t<\/a>\n\t\t<\/h3>\n\t<\/div>\n\t\t\t<\/div>\n\t\t\t<\/div>\n\n\t<\/div>\n\t\t<input type=\"hidden\" name=\"instance_hash\" value=\"bd1ae9d7\"\/>\n\t<\/div>\n<\/div><\/div><\/div><\/div><\/div><div id=\"pg-6600-4\"  class=\"panel-grid panel-no-style\" ><div id=\"pgc-6600-4-0\"  class=\"panel-grid-cell\" ><div id=\"panel-6600-4-0-0\" class=\"so-panel widget widget_sow-editor panel-first-child panel-last-child\" data-index=\"5\" ><div\n\t\t\t\n\t\t\tclass=\"so-widget-sow-editor so-widget-sow-editor-base\"\n\t\t\t\n\t\t>\n<div class=\"siteorigin-widget-tinymce textwidget\">\n\t<p>[ssbp]<\/p>\n<\/div>\n<\/div><\/div><\/div><\/div><\/div>","protected":false},"excerpt":{"rendered":"<p>Franke electrodom\u00e8stics \u00e9s un fabricant su\u00eds que fabrica electrodom\u00e8stics de diferentes gammes, des de la &#8230; <\/p>\n<p class=\"read-more-container\"><a title=\"Franke aig\u00fceres\" class=\"read-more button\" href=\"https:\/\/araminteriors.com\/ca\/cuines\/electrodomestics\/aigueres-franke\/#more-6600\" aria-label=\"M\u00e9s informaci\u00f3 sobre Franke aig\u00fceres\">Leer m\u00e1s<\/a><\/p>\n","protected":false},"author":3,"featured_media":6385,"parent":6521,"menu_order":0,"comment_status":"closed","ping_status":"closed","template":"","meta":{"generate_page_header":"","footnotes":""},"class_list":["post-6600","page","type-page","status-publish","has-post-thumbnail"],"aioseo_notices":[],"_links":{"self":[{"href":"https:\/\/araminteriors.com\/ca\/wp-json\/wp\/v2\/pages\/6600","targetHints":{"allow":["GET"]}}],"collection":[{"href":"https:\/\/araminteriors.com\/ca\/wp-json\/wp\/v2\/pages"}],"about":[{"href":"https:\/\/araminteriors.com\/ca\/wp-json\/wp\/v2\/types\/page"}],"author":[{"embeddable":true,"href":"https:\/\/araminteriors.com\/ca\/wp-json\/wp\/v2\/users\/3"}],"replies":[{"embeddable":true,"href":"https:\/\/araminteriors.com\/ca\/wp-json\/wp\/v2\/comments?post=6600"}],"version-history":[{"count":0,"href":"https:\/\/araminteriors.com\/ca\/wp-json\/wp\/v2\/pages\/6600\/revisions"}],"up":[{"embeddable":true,"href":"https:\/\/araminteriors.com\/ca\/wp-json\/wp\/v2\/pages\/6521"}],"wp:featuredmedia":[{"embeddable":true,"href":"https:\/\/araminteriors.com\/ca\/wp-json\/wp\/v2\/media\/6385"}],"wp:attachment":[{"href":"https:\/\/araminteriors.com\/ca\/wp-json\/wp\/v2\/media?parent=6600"}],"curies":[{"name":"wp","href":"https:\/\/api.w.org\/{rel}","templated":true}]}}