{"id":6613,"date":"2018-03-29T10:16:15","date_gmt":"2018-03-29T09:16:15","guid":{"rendered":"http:\/\/araminteriors.com\/?page_id=6613"},"modified":"2021-08-12T06:29:22","modified_gmt":"2021-08-12T05:29:22","slug":"aixeta-insinkerator-aigua-a-98o","status":"publish","type":"page","link":"https:\/\/araminteriors.com\/ca\/cuines\/electrodomestics\/aixeta-insinkerator-aigua-a-98o\/","title":{"rendered":"Aixeta InSinkErator aig\u00fca a 98\u00ba"},"content":{"rendered":"<div id=\"pl-6613\"  class=\"panel-layout\" ><div id=\"pg-6613-0\"  class=\"panel-grid panel-no-style\" ><div id=\"pgc-6613-0-0\"  class=\"panel-grid-cell\" ><div id=\"panel-6613-0-0-0\" class=\"so-panel widget widget_sow-editor panel-first-child panel-last-child\" data-index=\"0\" ><div\n\t\t\t\n\t\t\tclass=\"so-widget-sow-editor so-widget-sow-editor-base\"\n\t\t\t\n\t\t>\n<div class=\"siteorigin-widget-tinymce textwidget\">\n\t<figure id=\"attachment_5372\" aria-describedby=\"caption-attachment-5372\" style=\"width: 490px\" class=\"wp-caption alignleft\"><a href=\"https:\/\/araminteriors.com\/wp-content\/uploads\/2018\/02\/Griferia-In-SinkErator-98\u00ba.jpg\"><img decoding=\"async\" class=\"wp-image-5372 size-full\" title=\"Aixeteria In SinkErator aigua a 98\u00ba\" src=\"https:\/\/araminteriors.com\/wp-content\/uploads\/2018\/02\/Griferia-In-SinkErator-98\u00ba.jpg\" alt=\"Aixeteria In SinkErator aigua a 98\u00ba\" width=\"500\" height=\"333\" srcset=\"https:\/\/araminteriors.com\/wp-content\/uploads\/2018\/02\/Griferia-In-SinkErator-98\u00ba.jpg 500w, https:\/\/araminteriors.com\/wp-content\/uploads\/2018\/02\/Griferia-In-SinkErator-98\u00ba-225x150.jpg 225w, https:\/\/araminteriors.com\/wp-content\/uploads\/2018\/02\/Griferia-In-SinkErator-98\u00ba-272x182.jpg 272w\" sizes=\"(max-width: 500px) 100vw, 500px\" \/><\/a><figcaption id=\"caption-attachment-5372\" class=\"wp-caption-text\">Aixeteria In SinkErator aigua a 98\u00ba<\/figcaption><\/figure>\n<p style=\"text-align: justify;\">La nova aixeta de InSinkErator<strong> subministra aigua calenta filtrada a una temperatura de fins a 98 graus.<\/strong><\/p>\n<p style=\"text-align: justify;\">Amb aquesta aixeta solucionem molts dels problemes habituals en la cuina tals com escalfar una mica d'aigua per a una infusi\u00f3, caf\u00e8s, rentar plats o cassoles, descongelar peces amb rapidesa, preparar pasta, arrossos o verdures, escalfar biberons, etc.<\/p>\n<p style=\"text-align: justify;\">Sempre hi ha hagut un moment en qu\u00e8 hem necessitat aigua molt calenta i ens hem vist obligats a escalfar-la en la placa de cocci\u00f3: ara la soluci\u00f3 \u00e9s molt m\u00e9s r\u00e0pida i efica\u00e7. Amb tan sols girar la maneta d'obertura obtindrem l'aigua calenta que necessitem, i a m\u00e9s, filtrada, preparada per al seu \u00fas dom\u00e8stic.<\/p>\n<p>&nbsp;<\/p>\n<p>&nbsp;<\/p>\n<p style=\"text-align: justify;\">La col\u00b7locaci\u00f3 d'aquesta aixeteria \u00e9s f\u00e0cil, tan sols porta un petit dispensador, realitzat en el seu interior en acer inoxidable, que s'instal\u00b7la a l'interior del moble aig\u00fcera i ja ho tenim llest per al seu \u00fas. Existeix la possibilitat de regular la temperatura manualment per deixar-la com vulguem.<\/p>\n<figure id=\"attachment_3323\" aria-describedby=\"caption-attachment-3323\" style=\"width: 699px\" class=\"wp-caption aligncenter\"><img decoding=\"async\" class=\"wp-image-3323 size-full\" title=\"Aixeta aigua calenta a 98\u00ba o freda\" src=\"https:\/\/araminteriors.com\/wp-content\/uploads\/2015\/02\/Grifo-agua-caliente.jpg\" alt=\"Aixeta aigua calenta a 98\u00ba o freda\" width=\"709\" height=\"227\" srcset=\"https:\/\/araminteriors.com\/wp-content\/uploads\/2015\/02\/Grifo-agua-caliente.jpg 709w, https:\/\/araminteriors.com\/wp-content\/uploads\/2015\/02\/Grifo-agua-caliente-500x160.jpg 500w\" sizes=\"(max-width: 709px) 100vw, 709px\" \/><figcaption id=\"caption-attachment-3323\" class=\"wp-caption-text\">Aixeta aigua calenta a 98\u00ba o freda<\/figcaption><\/figure>\n<p style=\"text-align: justify;\">Gr\u00e0cies als <strong>filtres<\/strong> aconseguim <strong>un aigua m\u00e9s pura<\/strong> que la que surt de l'aixeta, mantenint la mineralitzaci\u00f3 i retenint impureses i clor (utilitzat per desinfectar l'aigua). El principal avantatge de l'aigua filtrada \u00e9s que ens estalviem haver de carregar amb ampolles o garrafes d'aigua embotellada, a part del seu emmagatzematge en la cuina amb l'espai que ocupa.<\/p>\n<p style=\"text-align: justify;\">Per saber preus d'aquesta aixeteria i el sistema de filtrat, <a title=\"Contacte informaci\u00f3 preus aixetes.\" href=\"https:\/\/araminteriors.com\/ca\/contacte\/\">consulti'ns<\/a> o visiti la nostra p\u00e0gina de <a title=\"Proveidors habituals\" href=\"https:\/\/araminteriors.com\/ca\/proveidors\/\" target=\"_blank\" rel=\"noopener\">proveidors<\/a>.<\/p>\n<\/div>\n<\/div><\/div><\/div><\/div><div id=\"pg-6613-1\"  class=\"panel-grid panel-no-style\" ><div id=\"pgc-6613-1-0\"  class=\"panel-grid-cell\" ><div id=\"panel-6613-1-0-0\" class=\"so-panel widget widget_sow-editor panel-first-child panel-last-child\" data-index=\"1\" ><div\n\t\t\t\n\t\t\tclass=\"so-widget-sow-editor so-widget-sow-editor-base\"\n\t\t\t\n\t\t>\n<div class=\"siteorigin-widget-tinymce textwidget\">\n\t<p><a href=\"https:\/\/araminteriors.com\/ca\/cuines\/electrodomestics\/\">Tornar a Electrodom\u00e8stics -<\/a><\/p>\n<\/div>\n<\/div><\/div><\/div><\/div><div id=\"pg-6613-2\"  class=\"panel-grid panel-has-style\" ><div class=\"siteorigin-panels-stretch panel-row-style panel-row-style-for-6613-2\" data-stretch-type=\"full\" ><div id=\"pgc-6613-2-0\"  class=\"panel-grid-cell\" ><div id=\"panel-6613-2-0-0\" class=\"so-panel widget widget_sow-post-carousel panel-first-child panel-last-child\" data-index=\"2\" ><div\n\t\t\t\n\t\t\tclass=\"so-widget-sow-post-carousel so-widget-sow-post-carousel-base-ad93eedad001-6613\"\n\t\t\t\n\t\t>\t<div\n\t\tclass=\"sow-post-carousel-wrapper sow-post-carousel-theme-base\"\n\t\tstyle=\"overflow: hidden; max-width: 100%; min-height: 182px\"\n\t>\n\t\t<div class=\"sow-carousel-title has-title\">\n\t<h3 class=\"widget-title\">P\u00e0gines relacionades:<\/h3>\t\t<div class=\"sow-carousel-navigation \">\n\t\t\t\t\t\t<a href=\"#\" class=\"sow-carousel-next\" title=\"Next\" aria-label=\"Next Posts\" role=\"button\"><\/a>\n\t\t\t\t\t\t<a href=\"#\" class=\"sow-carousel-previous\" title=\"Previous\" aria-label=\"Previous Posts\" role=\"button\"><\/a>\n\t\t\t\t\t<\/div>\n\t<\/div>\n\n<div class=\"sow-carousel-container \">\n\t\t<div class=\"sow-carousel-wrapper\"\n\t\tdata-dir=\"ltr\"\n\t\tstyle=\"opacity: 0;\"\n\t\tdata-widget=\"post\" data-fetching=\"false\" data-page=\"1\" data-ajax-url=\"https:\/\/araminteriors.com\/wp-admin\/admin-ajax.php?_widgets_nonce=b8777710df\" data-item_count=\"3\" data-carousel_settings=\"{&quot;loop&quot;:true,&quot;animation&quot;:&quot;Ease&quot;,&quot;animation_speed&quot;:400,&quot;autoplay&quot;:&quot;&quot;,&quot;pauseOnHover&quot;:&quot;&quot;,&quot;autoplaySpeed&quot;:8000,&quot;item_overflow&quot;:true,&quot;autoplay_continuous_scroll&quot;:false}\" data-responsive=\"{&quot;desktop_slides_to_scroll&quot;:1,&quot;tablet_landscape_breakpoint&quot;:1366,&quot;tablet_landscape_slides_to_scroll&quot;:2,&quot;tablet_portrait_breakpoint&quot;:1025,&quot;tablet_portrait_slides_to_scroll&quot;:2,&quot;mobile_breakpoint&quot;:480,&quot;mobile_slides_to_scroll&quot;:1}\" data-variable_width=\"true\" \t>\n\t\t<div\n\t\t\tclass=\"sow-carousel-items\"\n\t\t\t\t\t>\n\t\t\t\t<div class=\"sow-carousel-item\" tabindex=\"-1\" style=\"float: left;\">\n\t\t<div class=\"sow-carousel-thumbnail\">\n\t\t\t\t\t\t\t<a\n\t\t\t\t\thref=\"https:\/\/araminteriors.com\/ca\/cuines\/electrodomestics\/frigorifics-liebherr\/\"\n\t\t\t\t\t\t\t\t\t\tstyle=\"background-image: url( https:\/\/araminteriors.com\/wp-content\/uploads\/2018\/02\/Liebherr-frigorificos-portfolio-272x182.jpg )\"\n\t\t\t\t\taria-labelledby=\"sow-carousel-id-6629\"\n\t\t\t\t\ttabindex=\"-1\"\n\t\t\t\t>\n\t\t\t\t\t<span class=\"overlay\"><\/span>\n\t\t\t\t<\/a>\n\t\t\t\t\t<\/div>\n\t\t<h3 class=\"sow-carousel-item-title\">\n\t\t\t<a\n\t\t\t\thref=\"https:\/\/araminteriors.com\/ca\/cuines\/electrodomestics\/frigorifics-liebherr\/\"\n\t\t\t\tid=\"sow-carousel-id-6629\"\n\t\t\t\t\t\t\t\ttabindex=\"-1\"\n\t\t\t>\n\n\t\t\t\tLiebherr frigor\u00edfics\t\t\t<\/a>\n\t\t<\/h3>\n\t<\/div>\n\t\t<div class=\"sow-carousel-item\" tabindex=\"-1\" style=\"float: left;\">\n\t\t<div class=\"sow-carousel-thumbnail\">\n\t\t\t\t\t\t\t<a\n\t\t\t\t\thref=\"https:\/\/araminteriors.com\/ca\/cuines\/electrodomestics\/aixeta-insinkerator-aigua-a-98o\/\"\n\t\t\t\t\t\t\t\t\t\tstyle=\"background-image: url( https:\/\/araminteriors.com\/wp-content\/uploads\/2018\/02\/Griferia-In-SinkErator-98\u00ba-272x182.jpg )\"\n\t\t\t\t\taria-labelledby=\"sow-carousel-id-6613\"\n\t\t\t\t\ttabindex=\"-1\"\n\t\t\t\t>\n\t\t\t\t\t<span class=\"overlay\"><\/span>\n\t\t\t\t<\/a>\n\t\t\t\t\t<\/div>\n\t\t<h3 class=\"sow-carousel-item-title\">\n\t\t\t<a\n\t\t\t\thref=\"https:\/\/araminteriors.com\/ca\/cuines\/electrodomestics\/aixeta-insinkerator-aigua-a-98o\/\"\n\t\t\t\tid=\"sow-carousel-id-6613\"\n\t\t\t\t\t\t\t\ttabindex=\"-1\"\n\t\t\t>\n\n\t\t\t\tAixeta InSinkErator aig\u00fca a 98\u00ba\t\t\t<\/a>\n\t\t<\/h3>\n\t<\/div>\n\t\t<div class=\"sow-carousel-item\" tabindex=\"-1\" style=\"float: left;\">\n\t\t<div class=\"sow-carousel-thumbnail\">\n\t\t\t\t\t\t\t<a\n\t\t\t\t\thref=\"https:\/\/araminteriors.com\/ca\/cuines\/electrodomestics\/aigueres-franke\/\"\n\t\t\t\t\t\t\t\t\t\tstyle=\"background-image: url( https:\/\/araminteriors.com\/wp-content\/uploads\/2018\/02\/Franke-Fregaderas-Portfolio-272x182.jpg )\"\n\t\t\t\t\taria-labelledby=\"sow-carousel-id-6600\"\n\t\t\t\t\ttabindex=\"-1\"\n\t\t\t\t>\n\t\t\t\t\t<span class=\"overlay\"><\/span>\n\t\t\t\t<\/a>\n\t\t\t\t\t<\/div>\n\t\t<h3 class=\"sow-carousel-item-title\">\n\t\t\t<a\n\t\t\t\thref=\"https:\/\/araminteriors.com\/ca\/cuines\/electrodomestics\/aigueres-franke\/\"\n\t\t\t\tid=\"sow-carousel-id-6600\"\n\t\t\t\t\t\t\t\ttabindex=\"-1\"\n\t\t\t>\n\n\t\t\t\tFranke aig\u00fceres\t\t\t<\/a>\n\t\t<\/h3>\n\t<\/div>\n\t\t\t<\/div>\n\t\t\t<\/div>\n\n\t<\/div>\n\t\t<input type=\"hidden\" name=\"instance_hash\" value=\"bc79b69d\"\/>\n\t<\/div>\n<\/div><\/div><\/div><\/div><\/div><div id=\"pg-6613-3\"  class=\"panel-grid panel-no-style\" ><div id=\"pgc-6613-3-0\"  class=\"panel-grid-cell\" ><div id=\"panel-6613-3-0-0\" class=\"so-panel widget widget_sow-editor panel-first-child panel-last-child\" data-index=\"3\" ><div\n\t\t\t\n\t\t\tclass=\"so-widget-sow-editor so-widget-sow-editor-base\"\n\t\t\t\n\t\t>\n<div class=\"siteorigin-widget-tinymce textwidget\">\n\t<p>[ssbp]<\/p>\n<\/div>\n<\/div><\/div><\/div><\/div><\/div>","protected":false},"excerpt":{"rendered":"<p>Franke electrodom\u00e8stics \u00e9s un fabricant su\u00eds que fabrica electrodom\u00e8stics de diferentes gammes, des de la &#8230; <\/p>\n<p class=\"read-more-container\"><a title=\"Franke aig\u00fceres\" class=\"read-more button\" href=\"https:\/\/araminteriors.com\/ca\/cuines\/electrodomestics\/aigueres-franke\/#more-6600\" aria-label=\"M\u00e9s informaci\u00f3 sobre Franke aig\u00fceres\">Leer m\u00e1s<\/a><\/p>\n","protected":false},"author":3,"featured_media":6386,"parent":6521,"menu_order":0,"comment_status":"closed","ping_status":"closed","template":"","meta":{"generate_page_header":"","footnotes":""},"class_list":["post-6613","page","type-page","status-publish","has-post-thumbnail"],"aioseo_notices":[],"_links":{"self":[{"href":"https:\/\/araminteriors.com\/ca\/wp-json\/wp\/v2\/pages\/6613","targetHints":{"allow":["GET"]}}],"collection":[{"href":"https:\/\/araminteriors.com\/ca\/wp-json\/wp\/v2\/pages"}],"about":[{"href":"https:\/\/araminteriors.com\/ca\/wp-json\/wp\/v2\/types\/page"}],"author":[{"embeddable":true,"href":"https:\/\/araminteriors.com\/ca\/wp-json\/wp\/v2\/users\/3"}],"replies":[{"embeddable":true,"href":"https:\/\/araminteriors.com\/ca\/wp-json\/wp\/v2\/comments?post=6613"}],"version-history":[{"count":2,"href":"https:\/\/araminteriors.com\/ca\/wp-json\/wp\/v2\/pages\/6613\/revisions"}],"predecessor-version":[{"id":15144,"href":"https:\/\/araminteriors.com\/ca\/wp-json\/wp\/v2\/pages\/6613\/revisions\/15144"}],"up":[{"embeddable":true,"href":"https:\/\/araminteriors.com\/ca\/wp-json\/wp\/v2\/pages\/6521"}],"wp:featuredmedia":[{"embeddable":true,"href":"https:\/\/araminteriors.com\/ca\/wp-json\/wp\/v2\/media\/6386"}],"wp:attachment":[{"href":"https:\/\/araminteriors.com\/ca\/wp-json\/wp\/v2\/media?parent=6613"}],"curies":[{"name":"wp","href":"https:\/\/api.w.org\/{rel}","templated":true}]}}