{"id":6629,"date":"2018-03-29T12:23:26","date_gmt":"2018-03-29T11:23:26","guid":{"rendered":"http:\/\/araminteriors.com\/?page_id=6629"},"modified":"2018-04-07T14:40:46","modified_gmt":"2018-04-07T13:40:46","slug":"frigorifics-liebherr","status":"publish","type":"page","link":"https:\/\/araminteriors.com\/ca\/cuines\/electrodomestics\/frigorifics-liebherr\/","title":{"rendered":"Liebherr frigor\u00edfics"},"content":{"rendered":"<div id=\"pl-6629\"  class=\"panel-layout\" ><div id=\"pg-6629-0\"  class=\"panel-grid panel-no-style\" ><div id=\"pgc-6629-0-0\"  class=\"panel-grid-cell\" ><div id=\"panel-6629-0-0-0\" class=\"so-panel widget widget_sow-editor panel-first-child panel-last-child\" data-index=\"0\" ><div\n\t\t\t\n\t\t\tclass=\"so-widget-sow-editor so-widget-sow-editor-base\"\n\t\t\t\n\t\t>\n<div class=\"siteorigin-widget-tinymce textwidget\">\n\t<figure id=\"attachment_5374\" aria-describedby=\"caption-attachment-5374\" style=\"width: 590px\" class=\"wp-caption alignleft\"><a href=\"https:\/\/araminteriors.com\/wp-content\/uploads\/2018\/02\/Liebherr-frigorificos-portfolio.jpg\"><img decoding=\"async\" class=\"wp-image-5374 size-full\" title=\"Liebherr frigorifics portfoli\" src=\"https:\/\/araminteriors.com\/wp-content\/uploads\/2018\/02\/Liebherr-frigorificos-portfolio.jpg\" alt=\"Liebherr frigorifics portfoli\" width=\"600\" height=\"400\" srcset=\"https:\/\/araminteriors.com\/wp-content\/uploads\/2018\/02\/Liebherr-frigorificos-portfolio.jpg 600w, https:\/\/araminteriors.com\/wp-content\/uploads\/2018\/02\/Liebherr-frigorificos-portfolio-225x150.jpg 225w, https:\/\/araminteriors.com\/wp-content\/uploads\/2018\/02\/Liebherr-frigorificos-portfolio-500x333.jpg 500w, https:\/\/araminteriors.com\/wp-content\/uploads\/2018\/02\/Liebherr-frigorificos-portfolio-272x182.jpg 272w\" sizes=\"(max-width: 600px) 100vw, 600px\" \/><\/a><figcaption id=\"caption-attachment-5374\" class=\"wp-caption-text\">Liebherr frigorifics<\/figcaption><\/figure>\n<p style=\"text-align: justify;\">Els electrodom\u00e8stics <strong>Liebherr<\/strong> s\u00f3n un referent de qualitat a nivell europeu, sent una de les marques m\u00e9s importants del sector.<\/p>\n<p style=\"text-align: justify;\">El <strong>cat\u00e0leg de frigor\u00edfics i congeladors<\/strong> ofereixen les m\u00e9s diverses possibilitats i solucions per al seu \u00fas en cuina dom\u00e8stica, amb aparells de lliure instal\u00b7laci\u00f3, integrables, sota taula, congeladors horitzontals, etc.<\/p>\n<p style=\"text-align: justify;\">Amb els seus <strong>armaris per a vi<\/strong>, Liebherr ens proporciona solucions per a la conservaci\u00f3 de vins negres, blancs i caves o champagne, oferint-nos aparells amb diferents zones ja que aquests necessiten diferents temperatures per al seu condicionament ideal al moment de servir en la taula.<\/p>\n<p style=\"text-align: justify;\">Liebherr tamb\u00e9 ens ofereix <strong>armaris per a la conservaci\u00f3 dels vins<\/strong> podent triar la temperatura recomanada per l'especialista per al seu correcte emmagatzematge durant per\u00edodes perllongats de temps.<\/p>\n<\/div>\n<\/div><\/div><\/div><\/div><div id=\"pg-6629-1\"  class=\"panel-grid panel-no-style\" ><div id=\"pgc-6629-1-0\"  class=\"panel-grid-cell\" ><div id=\"panel-6629-1-0-0\" class=\"so-panel widget widget_sow-editor panel-first-child panel-last-child\" data-index=\"1\" ><div\n\t\t\t\n\t\t\tclass=\"so-widget-sow-editor so-widget-sow-editor-base\"\n\t\t\t\n\t\t>\n<div class=\"siteorigin-widget-tinymce textwidget\">\n\t<p style=\"text-align: justify;\">Cal destacar que la m\u00e0xima exig\u00e8ncia d'estalvi energ\u00e8tic est\u00e0 present en els electrodom\u00e8stics de la marca, podent a m\u00e9s visualitzar des de la pantalla *LCD situada en la porta, la temperatura dels diferents compartiments.<\/p>\n<p style=\"text-align: justify;\">Podem trobar elements refrigerants d'una sola pe\u00e7a, congeladors, combinats de dues portes, aparells per a integraci\u00f3 total i Side-by-Syde para els que necessiten m\u00e9s capacitat.<\/p>\n<p style=\"text-align: justify;\">L'acabat final dels aparells pot ser en color blanc, negre, acer inoxidable o, si s'escull l'opci\u00f3 integrable, de l'acabat del moble de la seva cuina.<\/p>\n<p style=\"text-align: justify;\">La seva tecnologia, disseny modern i f\u00e0cil \u00fas fan d'aquest cat\u00e0leg de producte un dels m\u00e9s desitjats per als usuaris que busquen la m\u00e0xima qualitat en refrigeraci\u00f3.<\/p>\n<p style=\"text-align: justify;\">En aquest enlla\u00e7 pot veure <a title=\"Marques d'electrodom\u00e8stics amb les quals treballem\" href=\"https:\/\/araminteriors.com\/ca\/cuines\/electrodomestics\/\">altres marques\u00a0<\/a>amb les quals treballem habitualment o visiti la nostra p\u00e0gina dedicada als <a href=\"https:\/\/araminteriors.com\/ca\/cuines\/mobles-de-cuina\/\">mobles de cuina<\/a> on podr\u00e0 veure una extensa galeria d'imatges.<\/p>\n<p style=\"text-align: justify;\">Si desitja veure tot el producte de *Liebherr visiti la nostra p\u00e0gina de <a title=\"Enlla\u00e7os a les webs dels nostres Prove\u00efdors\" href=\"https:\/\/araminteriors.com\/ca\/proveidors\/\" target=\"_blank\" rel=\"noopener\">proveidors<\/a> on podr\u00e0 enlla\u00e7ar amb la web del fabricant on podr\u00e0 con\u00e8ixer la gamma completa amb mesures i caracter\u00edstiques espec\u00edfiques de cada model.<\/p>\n<p style=\"text-align: justify;\">Si desitja saber els preus d'un model en concret, llavors<a title=\"Contacte per ampliar informaci\u00f3 de preus\" href=\"https:\/\/araminteriors.com\/ca\/contacte\/\">\u00a0consulti'ns<\/a> a trav\u00e9s del formulari de contacte i nosaltres li informarem.<\/p>\n<h3 style=\"text-align: center;\">GALERIA<\/h3>\n<div id='gallery-1' class='gallery galleryid-6629 gallery-columns-3 gallery-size-medium'><figure class='gallery-item'>\n\t\t\t<div class='gallery-icon landscape'>\n\t\t\t\t<a href='https:\/\/araminteriors.com\/wp-content\/uploads\/2014\/02\/Liebherr-cabecera1.jpg'><img decoding=\"async\" width=\"438\" height=\"400\" src=\"https:\/\/araminteriors.com\/wp-content\/uploads\/2014\/02\/Liebherr-cabecera1-438x400.jpg\" class=\"attachment-medium size-medium\" alt=\"Conjunto SidebySide de Liebherr\" aria-describedby=\"gallery-1-5632\" srcset=\"https:\/\/araminteriors.com\/wp-content\/uploads\/2014\/02\/Liebherr-cabecera1-438x400.jpg 438w, https:\/\/araminteriors.com\/wp-content\/uploads\/2014\/02\/Liebherr-cabecera1.jpg 440w\" sizes=\"(max-width: 438px) 100vw, 438px\" \/><\/a>\n\t\t\t<\/div>\n\t\t\t\t<figcaption class='wp-caption-text gallery-caption' id='gallery-1-5632'>\n\t\t\t\tConjunt SidebySide\n\t\t\t\t<\/figcaption><\/figure><figure class='gallery-item'>\n\t\t\t<div class='gallery-icon landscape'>\n\t\t\t\t<a href='https:\/\/araminteriors.com\/wp-content\/uploads\/2014\/02\/Frigorifico-y-congelador-de-Liebherr-e1395566539386.jpg'><img decoding=\"async\" width=\"438\" height=\"400\" src=\"https:\/\/araminteriors.com\/wp-content\/uploads\/2014\/02\/Frigorifico-y-congelador-de-Liebherr-438x400.jpg\" class=\"attachment-medium size-medium\" alt=\"Frigorifico y congelador integrables de Liebherr\" aria-describedby=\"gallery-1-5631\" srcset=\"https:\/\/araminteriors.com\/wp-content\/uploads\/2014\/02\/Frigorifico-y-congelador-de-Liebherr-438x400.jpg 438w, https:\/\/araminteriors.com\/wp-content\/uploads\/2014\/02\/Frigorifico-y-congelador-de-Liebherr-1024x934.jpg 1024w, https:\/\/araminteriors.com\/wp-content\/uploads\/2014\/02\/Frigorifico-y-congelador-de-Liebherr-e1395566539386.jpg 900w\" sizes=\"(max-width: 438px) 100vw, 438px\" \/><\/a>\n\t\t\t<\/div>\n\t\t\t\t<figcaption class='wp-caption-text gallery-caption' id='gallery-1-5631'>\n\t\t\t\tFrigor\u00edfic i congelador integrables\n\t\t\t\t<\/figcaption><\/figure><figure class='gallery-item'>\n\t\t\t<div class='gallery-icon landscape'>\n\t\t\t\t<a href='https:\/\/araminteriors.com\/wp-content\/uploads\/2014\/02\/Frigorifico-y-congelador-bajo-encimera-de-Liebherr-e1395566607193.jpg'><img decoding=\"async\" width=\"438\" height=\"400\" src=\"https:\/\/araminteriors.com\/wp-content\/uploads\/2014\/02\/Frigorifico-y-congelador-bajo-encimera-de-Liebherr-438x400.jpg\" class=\"attachment-medium size-medium\" alt=\"Frigor\u00edfic i congelador sota damunter de Liebherr\" aria-describedby=\"gallery-1-5630\" srcset=\"https:\/\/araminteriors.com\/wp-content\/uploads\/2014\/02\/Frigorifico-y-congelador-bajo-encimera-de-Liebherr-438x400.jpg 438w, https:\/\/araminteriors.com\/wp-content\/uploads\/2014\/02\/Frigorifico-y-congelador-bajo-encimera-de-Liebherr-1024x934.jpg 1024w, https:\/\/araminteriors.com\/wp-content\/uploads\/2014\/02\/Frigorifico-y-congelador-bajo-encimera-de-Liebherr-e1395566607193.jpg 900w\" sizes=\"(max-width: 438px) 100vw, 438px\" \/><\/a>\n\t\t\t<\/div>\n\t\t\t\t<figcaption class='wp-caption-text gallery-caption' id='gallery-1-5630'>\n\t\t\t\tFrigor\u00edfic i congelador sota damunter\n\t\t\t\t<\/figcaption><\/figure><figure class='gallery-item'>\n\t\t\t<div class='gallery-icon landscape'>\n\t\t\t\t<a href='https:\/\/araminteriors.com\/wp-content\/uploads\/2014\/02\/Frigorifico-integrable-de-Liebherr-e1395566679250.jpg'><img decoding=\"async\" width=\"438\" height=\"400\" src=\"https:\/\/araminteriors.com\/wp-content\/uploads\/2014\/02\/Frigorifico-integrable-de-Liebherr-438x400.jpg\" class=\"attachment-medium size-medium\" alt=\"Frigorific integrable de Liebherr\" aria-describedby=\"gallery-1-5629\" srcset=\"https:\/\/araminteriors.com\/wp-content\/uploads\/2014\/02\/Frigorifico-integrable-de-Liebherr-438x400.jpg 438w, https:\/\/araminteriors.com\/wp-content\/uploads\/2014\/02\/Frigorifico-integrable-de-Liebherr-1024x934.jpg 1024w, https:\/\/araminteriors.com\/wp-content\/uploads\/2014\/02\/Frigorifico-integrable-de-Liebherr-e1395566679250.jpg 900w\" sizes=\"(max-width: 438px) 100vw, 438px\" \/><\/a>\n\t\t\t<\/div>\n\t\t\t\t<figcaption class='wp-caption-text gallery-caption' id='gallery-1-5629'>\n\t\t\t\tFrigorific integrable\n\t\t\t\t<\/figcaption><\/figure><figure class='gallery-item'>\n\t\t\t<div class='gallery-icon landscape'>\n\t\t\t\t<a href='https:\/\/araminteriors.com\/wp-content\/uploads\/2014\/02\/Frigorifico-2-puertasde-Liebherr.jpg'><img decoding=\"async\" width=\"438\" height=\"400\" src=\"https:\/\/araminteriors.com\/wp-content\/uploads\/2014\/02\/Frigorifico-2-puertasde-Liebherr-438x400.jpg\" class=\"attachment-medium size-medium\" alt=\"Frigorifico de dos puertas de Liebherr\" aria-describedby=\"gallery-1-5628\" srcset=\"https:\/\/araminteriors.com\/wp-content\/uploads\/2014\/02\/Frigorifico-2-puertasde-Liebherr-438x400.jpg 438w, https:\/\/araminteriors.com\/wp-content\/uploads\/2014\/02\/Frigorifico-2-puertasde-Liebherr.jpg 440w\" sizes=\"(max-width: 438px) 100vw, 438px\" \/><\/a>\n\t\t\t<\/div>\n\t\t\t\t<figcaption class='wp-caption-text gallery-caption' id='gallery-1-5628'>\n\t\t\t\tFrigorific de dos portes\n\t\t\t\t<\/figcaption><\/figure><figure class='gallery-item'>\n\t\t\t<div class='gallery-icon landscape'>\n\t\t\t\t<a href='https:\/\/araminteriors.com\/wp-content\/uploads\/2014\/02\/Congelador-de-Liebherr-e1395566783678.jpg'><img decoding=\"async\" width=\"438\" height=\"400\" src=\"https:\/\/araminteriors.com\/wp-content\/uploads\/2014\/02\/Congelador-de-Liebherr-438x400.jpg\" class=\"attachment-medium size-medium\" alt=\"Congeladors de Liebherr\" aria-describedby=\"gallery-1-5626\" srcset=\"https:\/\/araminteriors.com\/wp-content\/uploads\/2014\/02\/Congelador-de-Liebherr-438x400.jpg 438w, https:\/\/araminteriors.com\/wp-content\/uploads\/2014\/02\/Congelador-de-Liebherr-1024x934.jpg 1024w, https:\/\/araminteriors.com\/wp-content\/uploads\/2014\/02\/Congelador-de-Liebherr-e1395566783678.jpg 900w\" sizes=\"(max-width: 438px) 100vw, 438px\" \/><\/a>\n\t\t\t<\/div>\n\t\t\t\t<figcaption class='wp-caption-text gallery-caption' id='gallery-1-5626'>\n\t\t\t\tCongeladors\n\t\t\t\t<\/figcaption><\/figure><figure class='gallery-item'>\n\t\t\t<div class='gallery-icon landscape'>\n\t\t\t\t<a href='https:\/\/araminteriors.com\/wp-content\/uploads\/2014\/02\/Armario-conservacion-vinos-de-Liebherr-e1395566821586.jpg'><img decoding=\"async\" width=\"438\" height=\"400\" src=\"https:\/\/araminteriors.com\/wp-content\/uploads\/2014\/02\/Armario-conservacion-vinos-de-Liebherr-438x400.jpg\" class=\"attachment-medium size-medium\" alt=\"Arrmario conservaci\u00f3n vinos\" aria-describedby=\"gallery-1-5625\" srcset=\"https:\/\/araminteriors.com\/wp-content\/uploads\/2014\/02\/Armario-conservacion-vinos-de-Liebherr-438x400.jpg 438w, https:\/\/araminteriors.com\/wp-content\/uploads\/2014\/02\/Armario-conservacion-vinos-de-Liebherr-1024x934.jpg 1024w, https:\/\/araminteriors.com\/wp-content\/uploads\/2014\/02\/Armario-conservacion-vinos-de-Liebherr-e1395566821586.jpg 900w\" sizes=\"(max-width: 438px) 100vw, 438px\" \/><\/a>\n\t\t\t<\/div>\n\t\t\t\t<figcaption class='wp-caption-text gallery-caption' id='gallery-1-5625'>\n\t\t\t\tArmaris climatizats per a vi  Vinothek\n\t\t\t\t<\/figcaption><\/figure><figure class='gallery-item'>\n\t\t\t<div class='gallery-icon landscape'>\n\t\t\t\t<a href='https:\/\/araminteriors.com\/wp-content\/uploads\/2014\/02\/Conservacion-de-vinos-e1395566742349.jpg'><img decoding=\"async\" width=\"438\" height=\"400\" src=\"https:\/\/araminteriors.com\/wp-content\/uploads\/2014\/02\/Conservacion-de-vinos-438x400.jpg\" class=\"attachment-medium size-medium\" alt=\"Armarios compactos de Liebherr\" aria-describedby=\"gallery-1-5627\" srcset=\"https:\/\/araminteriors.com\/wp-content\/uploads\/2014\/02\/Conservacion-de-vinos-438x400.jpg 438w, https:\/\/araminteriors.com\/wp-content\/uploads\/2014\/02\/Conservacion-de-vinos-1024x934.jpg 1024w, https:\/\/araminteriors.com\/wp-content\/uploads\/2014\/02\/Conservacion-de-vinos-e1395566742349.jpg 900w\" sizes=\"(max-width: 438px) 100vw, 438px\" \/><\/a>\n\t\t\t<\/div>\n\t\t\t\t<figcaption class='wp-caption-text gallery-caption' id='gallery-1-5627'>\n\t\t\t\tAparells compactes\n\t\t\t\t<\/figcaption><\/figure><figure class='gallery-item'>\n\t\t\t<div class='gallery-icon landscape'>\n\t\t\t\t<a href='https:\/\/araminteriors.com\/wp-content\/uploads\/2014\/02\/Vinoteca-presentacion-de-Liebherr.jpg'><img decoding=\"async\" width=\"437\" height=\"400\" src=\"https:\/\/araminteriors.com\/wp-content\/uploads\/2014\/02\/Vinoteca-presentacion-de-Liebherr-437x400.jpg\" class=\"attachment-medium size-medium\" alt=\"Interior armario conservaci\u00f3n vinos de Liebherr\" aria-describedby=\"gallery-1-5635\" srcset=\"https:\/\/araminteriors.com\/wp-content\/uploads\/2014\/02\/Vinoteca-presentacion-de-Liebherr-437x400.jpg 437w, https:\/\/araminteriors.com\/wp-content\/uploads\/2014\/02\/Vinoteca-presentacion-de-Liebherr.jpg 440w\" sizes=\"(max-width: 437px) 100vw, 437px\" \/><\/a>\n\t\t\t<\/div>\n\t\t\t\t<figcaption class='wp-caption-text gallery-caption' id='gallery-1-5635'>\n\t\t\t\tArmaris climatizats per a vi GrandCru\n\t\t\t\t<\/figcaption><\/figure>\n\t\t<\/div>\n\n<\/div>\n<\/div><\/div><\/div><\/div><div id=\"pg-6629-2\"  class=\"panel-grid panel-no-style\" ><div id=\"pgc-6629-2-0\"  class=\"panel-grid-cell\" ><div id=\"panel-6629-2-0-0\" class=\"so-panel widget widget_sow-editor panel-first-child panel-last-child\" data-index=\"2\" ><div\n\t\t\t\n\t\t\tclass=\"so-widget-sow-editor so-widget-sow-editor-base\"\n\t\t\t\n\t\t>\n<div class=\"siteorigin-widget-tinymce textwidget\">\n\t<p><a href=\"https:\/\/araminteriors.com\/ca\/cuines\/electrodomestics\/\">Tornar a Electrodom\u00e8stics -<\/a><\/p>\n<\/div>\n<\/div><\/div><\/div><\/div><div id=\"pg-6629-3\"  class=\"panel-grid panel-has-style\" ><div class=\"siteorigin-panels-stretch panel-row-style panel-row-style-for-6629-3\" data-stretch-type=\"full\" ><div id=\"pgc-6629-3-0\"  class=\"panel-grid-cell\" ><div id=\"panel-6629-3-0-0\" class=\"so-panel widget widget_sow-post-carousel panel-first-child panel-last-child\" data-index=\"3\" ><div\n\t\t\t\n\t\t\tclass=\"so-widget-sow-post-carousel so-widget-sow-post-carousel-base-ad93eedad001-6629\"\n\t\t\t\n\t\t>\t<div\n\t\tclass=\"sow-post-carousel-wrapper sow-post-carousel-theme-base\"\n\t\tstyle=\"overflow: hidden; max-width: 100%; min-height: 182px\"\n\t>\n\t\t<div class=\"sow-carousel-title has-title\">\n\t<h3 class=\"widget-title\">P\u00e0gines relacionades:<\/h3>\t\t<div class=\"sow-carousel-navigation \">\n\t\t\t\t\t\t<a href=\"#\" class=\"sow-carousel-next\" title=\"Next\" aria-label=\"Next Posts\" role=\"button\"><\/a>\n\t\t\t\t\t\t<a href=\"#\" class=\"sow-carousel-previous\" title=\"Previous\" aria-label=\"Previous Posts\" role=\"button\"><\/a>\n\t\t\t\t\t<\/div>\n\t<\/div>\n\n<div class=\"sow-carousel-container \">\n\t\t<div class=\"sow-carousel-wrapper\"\n\t\tdata-dir=\"ltr\"\n\t\tstyle=\"opacity: 0;\"\n\t\tdata-widget=\"post\" data-fetching=\"false\" data-page=\"1\" data-ajax-url=\"https:\/\/araminteriors.com\/wp-admin\/admin-ajax.php?_widgets_nonce=b8777710df\" data-item_count=\"3\" data-carousel_settings=\"{&quot;loop&quot;:true,&quot;animation&quot;:&quot;Ease&quot;,&quot;animation_speed&quot;:400,&quot;autoplay&quot;:&quot;&quot;,&quot;pauseOnHover&quot;:&quot;&quot;,&quot;autoplaySpeed&quot;:8000,&quot;item_overflow&quot;:true,&quot;autoplay_continuous_scroll&quot;:false}\" data-responsive=\"{&quot;desktop_slides_to_scroll&quot;:1,&quot;tablet_landscape_breakpoint&quot;:1366,&quot;tablet_landscape_slides_to_scroll&quot;:2,&quot;tablet_portrait_breakpoint&quot;:1025,&quot;tablet_portrait_slides_to_scroll&quot;:2,&quot;mobile_breakpoint&quot;:480,&quot;mobile_slides_to_scroll&quot;:1}\" data-variable_width=\"true\" \t>\n\t\t<div\n\t\t\tclass=\"sow-carousel-items\"\n\t\t\t\t\t>\n\t\t\t\t<div class=\"sow-carousel-item\" tabindex=\"-1\" style=\"float: left;\">\n\t\t<div class=\"sow-carousel-thumbnail\">\n\t\t\t\t\t\t\t<a\n\t\t\t\t\thref=\"https:\/\/araminteriors.com\/ca\/cuines\/electrodomestics\/aixeta-insinkerator-aigua-a-98o\/\"\n\t\t\t\t\t\t\t\t\t\tstyle=\"background-image: url( https:\/\/araminteriors.com\/wp-content\/uploads\/2018\/02\/Griferia-In-SinkErator-98\u00ba-272x182.jpg )\"\n\t\t\t\t\taria-labelledby=\"sow-carousel-id-6613\"\n\t\t\t\t\ttabindex=\"-1\"\n\t\t\t\t>\n\t\t\t\t\t<span class=\"overlay\"><\/span>\n\t\t\t\t<\/a>\n\t\t\t\t\t<\/div>\n\t\t<h3 class=\"sow-carousel-item-title\">\n\t\t\t<a\n\t\t\t\thref=\"https:\/\/araminteriors.com\/ca\/cuines\/electrodomestics\/aixeta-insinkerator-aigua-a-98o\/\"\n\t\t\t\tid=\"sow-carousel-id-6613\"\n\t\t\t\t\t\t\t\ttabindex=\"-1\"\n\t\t\t>\n\n\t\t\t\tAixeta InSinkErator aig\u00fca a 98\u00ba\t\t\t<\/a>\n\t\t<\/h3>\n\t<\/div>\n\t\t<div class=\"sow-carousel-item\" tabindex=\"-1\" style=\"float: left;\">\n\t\t<div class=\"sow-carousel-thumbnail\">\n\t\t\t\t\t\t\t<a\n\t\t\t\t\thref=\"https:\/\/araminteriors.com\/ca\/cuines\/electrodomestics\/aigueres-franke\/\"\n\t\t\t\t\t\t\t\t\t\tstyle=\"background-image: url( https:\/\/araminteriors.com\/wp-content\/uploads\/2018\/02\/Franke-Fregaderas-Portfolio-272x182.jpg )\"\n\t\t\t\t\taria-labelledby=\"sow-carousel-id-6600\"\n\t\t\t\t\ttabindex=\"-1\"\n\t\t\t\t>\n\t\t\t\t\t<span class=\"overlay\"><\/span>\n\t\t\t\t<\/a>\n\t\t\t\t\t<\/div>\n\t\t<h3 class=\"sow-carousel-item-title\">\n\t\t\t<a\n\t\t\t\thref=\"https:\/\/araminteriors.com\/ca\/cuines\/electrodomestics\/aigueres-franke\/\"\n\t\t\t\tid=\"sow-carousel-id-6600\"\n\t\t\t\t\t\t\t\ttabindex=\"-1\"\n\t\t\t>\n\n\t\t\t\tFranke aig\u00fceres\t\t\t<\/a>\n\t\t<\/h3>\n\t<\/div>\n\t\t<div class=\"sow-carousel-item\" tabindex=\"-1\" style=\"float: left;\">\n\t\t<div class=\"sow-carousel-thumbnail\">\n\t\t\t\t\t\t\t<a\n\t\t\t\t\thref=\"https:\/\/araminteriors.com\/ca\/cuines\/electrodomestics\/aigueres-blanco\/\"\n\t\t\t\t\t\t\t\t\t\tstyle=\"background-image: url( https:\/\/araminteriors.com\/wp-content\/uploads\/2018\/02\/Blanco-Fregaderas-Portfolio-272x182.jpg )\"\n\t\t\t\t\taria-labelledby=\"sow-carousel-id-6591\"\n\t\t\t\t\ttabindex=\"-1\"\n\t\t\t\t>\n\t\t\t\t\t<span class=\"overlay\"><\/span>\n\t\t\t\t<\/a>\n\t\t\t\t\t<\/div>\n\t\t<h3 class=\"sow-carousel-item-title\">\n\t\t\t<a\n\t\t\t\thref=\"https:\/\/araminteriors.com\/ca\/cuines\/electrodomestics\/aigueres-blanco\/\"\n\t\t\t\tid=\"sow-carousel-id-6591\"\n\t\t\t\t\t\t\t\ttabindex=\"-1\"\n\t\t\t>\n\n\t\t\t\tBlanco aig\u00fceres\t\t\t<\/a>\n\t\t<\/h3>\n\t<\/div>\n\t\t\t<\/div>\n\t\t\t<\/div>\n\n\t<\/div>\n\t\t<input type=\"hidden\" name=\"instance_hash\" value=\"e1552209\"\/>\n\t<\/div>\n<\/div><\/div><\/div><\/div><\/div><div id=\"pg-6629-4\"  class=\"panel-grid panel-no-style\" ><div id=\"pgc-6629-4-0\"  class=\"panel-grid-cell\" ><div id=\"panel-6629-4-0-0\" class=\"so-panel widget widget_sow-editor panel-first-child panel-last-child\" data-index=\"4\" ><div\n\t\t\t\n\t\t\tclass=\"so-widget-sow-editor so-widget-sow-editor-base\"\n\t\t\t\n\t\t>\n<div class=\"siteorigin-widget-tinymce textwidget\">\n\t<p>[ssbp]<\/p>\n<\/div>\n<\/div><\/div><\/div><\/div><\/div>","protected":false},"excerpt":{"rendered":"<p>Blanco \u00e9s un fabricant d&#8217;aig\u00fceres i aixetes d&#8217;alta qualitat i disseny alemany, amb una ampl\u00edsima &#8230; <\/p>\n<p class=\"read-more-container\"><a title=\"Blanco aig\u00fceres\" class=\"read-more button\" href=\"https:\/\/araminteriors.com\/ca\/cuines\/electrodomestics\/aigueres-blanco\/#more-6591\" aria-label=\"M\u00e9s informaci\u00f3 sobre Blanco aig\u00fceres\">Leer m\u00e1s<\/a><\/p>\n","protected":false},"author":3,"featured_media":6388,"parent":6521,"menu_order":0,"comment_status":"closed","ping_status":"closed","template":"","meta":{"generate_page_header":"","footnotes":""},"class_list":["post-6629","page","type-page","status-publish","has-post-thumbnail"],"aioseo_notices":[],"_links":{"self":[{"href":"https:\/\/araminteriors.com\/ca\/wp-json\/wp\/v2\/pages\/6629","targetHints":{"allow":["GET"]}}],"collection":[{"href":"https:\/\/araminteriors.com\/ca\/wp-json\/wp\/v2\/pages"}],"about":[{"href":"https:\/\/araminteriors.com\/ca\/wp-json\/wp\/v2\/types\/page"}],"author":[{"embeddable":true,"href":"https:\/\/araminteriors.com\/ca\/wp-json\/wp\/v2\/users\/3"}],"replies":[{"embeddable":true,"href":"https:\/\/araminteriors.com\/ca\/wp-json\/wp\/v2\/comments?post=6629"}],"version-history":[{"count":0,"href":"https:\/\/araminteriors.com\/ca\/wp-json\/wp\/v2\/pages\/6629\/revisions"}],"up":[{"embeddable":true,"href":"https:\/\/araminteriors.com\/ca\/wp-json\/wp\/v2\/pages\/6521"}],"wp:featuredmedia":[{"embeddable":true,"href":"https:\/\/araminteriors.com\/ca\/wp-json\/wp\/v2\/media\/6388"}],"wp:attachment":[{"href":"https:\/\/araminteriors.com\/ca\/wp-json\/wp\/v2\/media?parent=6629"}],"curies":[{"name":"wp","href":"https:\/\/api.w.org\/{rel}","templated":true}]}}