{"id":6696,"date":"2018-03-29T19:25:32","date_gmt":"2018-03-29T18:25:32","guid":{"rendered":"http:\/\/araminteriors.com\/?page_id=6696"},"modified":"2018-04-07T13:04:20","modified_gmt":"2018-04-07T12:04:20","slug":"models-de-portes","status":"publish","type":"page","link":"https:\/\/araminteriors.com\/ca\/cuines\/models-de-portes\/","title":{"rendered":"Models de portes"},"content":{"rendered":"<div id=\"pl-6696\"  class=\"panel-layout\" ><div id=\"pg-6696-0\"  class=\"panel-grid panel-no-style\" ><div id=\"pgc-6696-0-0\"  class=\"panel-grid-cell\" ><div id=\"panel-6696-0-0-0\" class=\"so-panel widget widget_sow-image panel-first-child panel-last-child\" data-index=\"0\" ><div\n\t\t\t\n\t\t\tclass=\"so-widget-sow-image so-widget-sow-image-default-8b5b6f678277-6696\"\n\t\t\t\n\t\t>\n<div class=\"sow-image-container\">\n\t\t<img \n\tsrc=\"https:\/\/araminteriors.com\/wp-content\/uploads\/2015\/04\/Modelos-de-puertas-cocina.jpg\" width=\"709\" height=\"440\" srcset=\"https:\/\/araminteriors.com\/wp-content\/uploads\/2015\/04\/Modelos-de-puertas-cocina.jpg 709w, https:\/\/araminteriors.com\/wp-content\/uploads\/2015\/04\/Modelos-de-puertas-cocina-500x310.jpg 500w\" sizes=\"(max-width: 709px) 100vw, 709px\" title=\"Imagen modelos de puertas de cocina\" alt=\"Imagen modelos de puertas de cocina\" \t\tclass=\"so-widget-image\"\/>\n\t<\/div>\n\n<\/div><\/div><\/div><div id=\"pgc-6696-0-1\"  class=\"panel-grid-cell\" ><div id=\"panel-6696-0-1-0\" class=\"so-panel widget widget_sow-editor panel-first-child panel-last-child\" data-index=\"1\" ><div\n\t\t\t\n\t\t\tclass=\"so-widget-sow-editor so-widget-sow-editor-base\"\n\t\t\t\n\t\t>\n<div class=\"siteorigin-widget-tinymce textwidget\">\n\t<p style=\"text-align: justify;\">En aquest article volem mostrar els diferents tipus de <strong>models de portes de cuines<\/strong> que tenim disponibles basant-nos en el concepte del tirador, depenent de si en porten o no, amb diferents opcions en aquest segon cas: la possibilitat d'utilitzar un ungler embotit en la mateixa porta o be col\u00b7locant una barra d'alumini, anomenada Gola, que queda encastada en el moble.<\/p>\n<p style=\"text-align: justify;\">L'elecci\u00f3 d'un d'aquests dissenys \u00e9s important a l'hora de definir l'est\u00e8tica de la nostra nova cuina sense oblidar la part pr\u00e0ctica ja que depenent de qual triem pot arribar a tenir m\u00e9s facilitat d'\u00fas que altres possibles eleccions.<\/p>\n<p style=\"text-align: justify;\">A continuaci\u00f3 detallem les diferents possibilitats que oferim, pr\u00e0cticament la totalitat de les disponibles al mercat avui dia, donant d'aquesta manera moltes opcions a triar.<\/p>\n<\/div>\n<\/div><\/div><\/div><\/div><div id=\"pg-6696-1\"  class=\"panel-grid panel-no-style\" ><div id=\"pgc-6696-1-0\"  class=\"panel-grid-cell\" ><div id=\"panel-6696-1-0-0\" class=\"so-panel widget widget_sow-editor panel-first-child panel-last-child\" data-index=\"2\" ><div\n\t\t\t\n\t\t\tclass=\"so-widget-sow-editor so-widget-sow-editor-base\"\n\t\t\t\n\t\t>\n<div class=\"siteorigin-widget-tinymce textwidget\">\n\t<p style=\"text-align: justify;\">Segons el disseny de la porta disposarem de m\u00e9s o menys possibles acabats quant a materials: laminats, lacats i fustes.<\/p>\n<\/div>\n<\/div><\/div><\/div><\/div><div id=\"pg-6696-2\"  class=\"panel-grid panel-no-style\" ><div id=\"pgc-6696-2-0\"  class=\"panel-grid-cell\" ><div id=\"panel-6696-2-0-0\" class=\"so-panel widget widget_sow-editor panel-first-child panel-last-child\" data-index=\"3\" ><div\n\t\t\t\n\t\t\tclass=\"so-widget-sow-editor so-widget-sow-editor-base\"\n\t\t\t\n\t\t>\n<div class=\"siteorigin-widget-tinymce textwidget\">\n\t<h2>Models segons el tipus de tirador:<\/h2>\n<p style=\"text-align: justify;\">Aqu\u00ed de nou ens trobem amb el dubte sobre que model ser\u00e0 el que encaixi millor per a nosaltres: aquesta elecci\u00f3 ja es personal.<\/p>\n<\/div>\n<\/div><\/div><\/div><\/div><div id=\"pg-6696-3\"  class=\"panel-grid panel-no-style\" ><div id=\"pgc-6696-3-0\"  class=\"panel-grid-cell\" ><div id=\"panel-6696-3-0-0\" class=\"so-panel widget widget_sow-editor panel-first-child panel-last-child\" data-index=\"4\" ><div\n\t\t\t\n\t\t\tclass=\"so-widget-sow-editor so-widget-sow-editor-base\"\n\t\t\t\n\t\t>\n<div class=\"siteorigin-widget-tinymce textwidget\">\n\t<p><img decoding=\"async\" class=\"aligncenter wp-image-3501 size-full\" title=\"Quatre cants rectes\" src=\"https:\/\/araminteriors.com\/wp-content\/uploads\/2015\/04\/Cuatro-cantos.jpg\" alt=\"Quatre cants rectes\" width=\"368\" height=\"210\" \/><\/p>\n<\/div>\n<\/div><\/div><\/div><div id=\"pgc-6696-3-1\"  class=\"panel-grid-cell\" ><div id=\"panel-6696-3-1-0\" class=\"so-panel widget widget_sow-editor panel-first-child panel-last-child\" data-index=\"5\" ><div\n\t\t\t\n\t\t\tclass=\"so-widget-sow-editor so-widget-sow-editor-base\"\n\t\t\t\n\t\t><h3 class=\"widget-title\">Quatre cants rectes:<\/h3>\n<div class=\"siteorigin-widget-tinymce textwidget\">\n\t<p>Concepte sense tirador, amb una barra d'alumini inserida en l'armadura del moble, amb la porta totalment recta.<\/p>\n<p>Disponible en acabats de laminat, lacat i fusta.<\/p>\n<\/div>\n<\/div><\/div><\/div><\/div><div id=\"pg-6696-4\"  class=\"panel-grid panel-no-style\" ><div id=\"pgc-6696-4-0\"  class=\"panel-grid-cell\" ><div id=\"panel-6696-4-0-0\" class=\"so-panel widget widget_sow-editor panel-first-child panel-last-child\" data-index=\"6\" ><div\n\t\t\t\n\t\t\tclass=\"so-widget-sow-editor so-widget-sow-editor-base\"\n\t\t\t\n\t\t>\n<div class=\"siteorigin-widget-tinymce textwidget\">\n\t<p><img decoding=\"async\" class=\"aligncenter wp-image-3497 size-full\" title=\"Bisell interior porta\" src=\"https:\/\/araminteriors.com\/wp-content\/uploads\/2015\/04\/Bisel-interior.jpg\" alt=\"Bisell interior porta\" width=\"365\" height=\"210\" \/><\/p>\n<\/div>\n<\/div><\/div><\/div><div id=\"pgc-6696-4-1\"  class=\"panel-grid-cell\" ><div id=\"panel-6696-4-1-0\" class=\"so-panel widget widget_sow-editor panel-first-child panel-last-child\" data-index=\"7\" ><div\n\t\t\t\n\t\t\tclass=\"so-widget-sow-editor so-widget-sow-editor-base\"\n\t\t\t\n\t\t><h3 class=\"widget-title\">Bisell en la part interior:<\/h3>\n<div class=\"siteorigin-widget-tinymce textwidget\">\n\t<p>Concepte sense tirador: La zona superior es presenta amb un bisell a 45\u00ba i amb una barra d'alumini de forma recta. El disseny ens permet obrir-la recolzant les gemmes dels dits en aquest bisell.<\/p>\n<p>Disponible en acabats lacats.<\/p>\n<\/div>\n<\/div><\/div><\/div><\/div><div id=\"pg-6696-5\"  class=\"panel-grid panel-no-style\" ><div id=\"pgc-6696-5-0\"  class=\"panel-grid-cell\" ><div id=\"panel-6696-5-0-0\" class=\"so-panel widget widget_sow-editor panel-first-child panel-last-child\" data-index=\"8\" ><div\n\t\t\t\n\t\t\tclass=\"so-widget-sow-editor so-widget-sow-editor-base\"\n\t\t\t\n\t\t>\n<div class=\"siteorigin-widget-tinymce textwidget\">\n\t<p><img decoding=\"async\" class=\"aligncenter wp-image-3496 size-full\" title=\"Bisell exterior porta\" src=\"https:\/\/araminteriors.com\/wp-content\/uploads\/2015\/04\/Bisel-exterior.jpg\" alt=\"Bisell exterior porta\" width=\"365\" height=\"210\" \/><\/p>\n<\/div>\n<\/div><\/div><\/div><div id=\"pgc-6696-5-1\"  class=\"panel-grid-cell\" ><div id=\"panel-6696-5-1-0\" class=\"so-panel widget widget_sow-editor panel-first-child panel-last-child\" data-index=\"9\" ><div\n\t\t\t\n\t\t\tclass=\"so-widget-sow-editor so-widget-sow-editor-base\"\n\t\t\t\n\t\t><h3 class=\"widget-title\">Bisell en la part exterior:<\/h3>\n<div class=\"siteorigin-widget-tinymce textwidget\">\n\t<p>Amb el mateix disseny que l'anterior, en aquest cas la barra d'alumini t\u00e9 una forma que ens permet introduir els dits per arrossegar la porta des de la seva part interior.<\/p>\n<p>Disponible en acabats de lacats i fusta.<\/p>\n<\/div>\n<\/div><\/div><\/div><\/div><div id=\"pg-6696-6\"  class=\"panel-grid panel-no-style\" ><div id=\"pgc-6696-6-0\"  class=\"panel-grid-cell\" ><div id=\"panel-6696-6-0-0\" class=\"so-panel widget widget_sow-editor panel-first-child panel-last-child\" data-index=\"10\" ><div\n\t\t\t\n\t\t\tclass=\"so-widget-sow-editor so-widget-sow-editor-base\"\n\t\t\t\n\t\t>\n<div class=\"siteorigin-widget-tinymce textwidget\">\n\t<p><img decoding=\"async\" class=\"aligncenter wp-image-3499 size-full\" title=\"Ungler interior\" src=\"https:\/\/araminteriors.com\/wp-content\/uploads\/2015\/04\/Con-u\u00f1ero-en-interior.jpg\" alt=\"Ungler interior\" width=\"364\" height=\"210\" \/><\/p>\n<\/div>\n<\/div><\/div><\/div><div id=\"pgc-6696-6-1\"  class=\"panel-grid-cell\" ><div id=\"panel-6696-6-1-0\" class=\"so-panel widget widget_sow-editor panel-first-child panel-last-child\" data-index=\"11\" ><div\n\t\t\t\n\t\t\tclass=\"so-widget-sow-editor so-widget-sow-editor-base\"\n\t\t\t\n\t\t><h3 class=\"widget-title\">Ungler en la part interior:<\/h3>\n<div class=\"siteorigin-widget-tinymce textwidget\">\n\t<p>\u00c9s el mateix sistema que la porta amb bisell interior per\u00f2 s'ha afegit un rebaixi en la porta per facilitar m\u00e9s l'obertura fent-la m\u00e9s c\u00f3mode.<\/p>\n<p>Disponible en acabats lacats.<\/p>\n<\/div>\n<\/div><\/div><\/div><\/div><div id=\"pg-6696-7\"  class=\"panel-grid panel-no-style\" ><div id=\"pgc-6696-7-0\"  class=\"panel-grid-cell\" ><div id=\"panel-6696-7-0-0\" class=\"so-panel widget widget_sow-editor panel-first-child panel-last-child\" data-index=\"12\" ><div\n\t\t\t\n\t\t\tclass=\"so-widget-sow-editor so-widget-sow-editor-base\"\n\t\t\t\n\t\t>\n<div class=\"siteorigin-widget-tinymce textwidget\">\n\t<p><img decoding=\"async\" class=\"aligncenter wp-image-3500 size-full\" title=\"Porta ungler exterior ampli\" src=\"https:\/\/araminteriors.com\/wp-content\/uploads\/2015\/04\/Con-u\u00f1ero-exterior-amplio.jpg\" alt=\"Porta ungler exterior ampli\" width=\"366\" height=\"210\" \/><\/p>\n<\/div>\n<\/div><\/div><\/div><div id=\"pgc-6696-7-1\"  class=\"panel-grid-cell\" ><div id=\"panel-6696-7-1-0\" class=\"so-panel widget widget_sow-editor panel-first-child panel-last-child\" data-index=\"13\" ><div\n\t\t\t\n\t\t\tclass=\"so-widget-sow-editor so-widget-sow-editor-base\"\n\t\t\t\n\t\t><h3 class=\"widget-title\">Ungler exterior ampli:<\/h3>\n<div class=\"siteorigin-widget-tinymce textwidget\">\n\t<p>El ungler se situa en la part externa, aconseguit la totalitat de l'ample de la porta, amb un disseny molt actual i c\u00f2mode d'usar.<\/p>\n<p>Disponible en alguns acabats en laminat i lacat.<\/p>\n<\/div>\n<\/div><\/div><\/div><\/div><div id=\"pg-6696-8\"  class=\"panel-grid panel-no-style\" ><div id=\"pgc-6696-8-0\"  class=\"panel-grid-cell\" ><div id=\"panel-6696-8-0-0\" class=\"so-panel widget widget_sow-editor panel-first-child panel-last-child\" data-index=\"14\" ><div\n\t\t\t\n\t\t\tclass=\"so-widget-sow-editor so-widget-sow-editor-base\"\n\t\t\t\n\t\t>\n<div class=\"siteorigin-widget-tinymce textwidget\">\n\t<p><img decoding=\"async\" class=\"aligncenter wp-image-3502 size-full\" title=\"Ungler exterior centrat\" src=\"https:\/\/araminteriors.com\/wp-content\/uploads\/2015\/04\/U\u00f1ero-exterior-estrecho.jpg\" alt=\"Ungler exterior centrat\" width=\"367\" height=\"210\" \/><\/p>\n<\/div>\n<\/div><\/div><\/div><div id=\"pgc-6696-8-1\"  class=\"panel-grid-cell\" ><div id=\"panel-6696-8-1-0\" class=\"so-panel widget widget_sow-editor panel-first-child panel-last-child\" data-index=\"15\" ><div\n\t\t\t\n\t\t\tclass=\"so-widget-sow-editor so-widget-sow-editor-base\"\n\t\t\t\n\t\t><h3 class=\"widget-title\">Ungler exterior centrat:<\/h3>\n<div class=\"siteorigin-widget-tinymce textwidget\">\n\t<p>Tamb\u00e9 situat en la part externa, en aquest model centrem el tirador , realitzat amb un rebaix m\u00e9s profund per a una millor obertura.<\/p>\n<p>Disponible en acabats lacats.<\/p>\n<\/div>\n<\/div><\/div><\/div><\/div><div id=\"pg-6696-9\"  class=\"panel-grid panel-no-style\" ><div id=\"pgc-6696-9-0\"  class=\"panel-grid-cell\" ><div id=\"panel-6696-9-0-0\" class=\"so-panel widget widget_sow-editor panel-first-child panel-last-child\" data-index=\"16\" ><div\n\t\t\t\n\t\t\tclass=\"so-widget-sow-editor so-widget-sow-editor-base\"\n\t\t\t\n\t\t>\n<div class=\"siteorigin-widget-tinymce textwidget\">\n\t<p><img decoding=\"async\" class=\"aligncenter wp-image-3498 size-full\" title=\"Amb tirador\" src=\"https:\/\/araminteriors.com\/wp-content\/uploads\/2015\/04\/Con-tirador.jpg\" alt=\"Amb tirador\" width=\"364\" height=\"210\" \/><\/p>\n<\/div>\n<\/div><\/div><\/div><div id=\"pgc-6696-9-1\"  class=\"panel-grid-cell\" ><div id=\"panel-6696-9-1-0\" class=\"so-panel widget widget_sow-editor panel-first-child panel-last-child\" data-index=\"17\" ><div\n\t\t\t\n\t\t\tclass=\"so-widget-sow-editor so-widget-sow-editor-base\"\n\t\t\t\n\t\t><h3 class=\"widget-title\">Amb tirador:<\/h3>\n<div class=\"siteorigin-widget-tinymce textwidget\">\n\t<p>Els models amb tirador s\u00f3n els m\u00e9s habituals ja que disposem d'una gamma molt extensa de dissenys on escollir, realitzats en diferents acabats com pot ser: cromat brillant, mat, satinat,\u00a0 en acer inoxidable o en d'altres materials..<\/p>\n<p>Disponible en acabats de laminat, lacat i fusta.<\/p>\n<\/div>\n<\/div><\/div><\/div><\/div><div id=\"pg-6696-10\"  class=\"panel-grid panel-no-style\" ><div id=\"pgc-6696-10-0\"  class=\"panel-grid-cell\" ><div id=\"panel-6696-10-0-0\" class=\"so-panel widget widget_sow-editor panel-first-child panel-last-child\" data-index=\"18\" ><div\n\t\t\t\n\t\t\tclass=\"so-widget-sow-editor so-widget-sow-editor-base\"\n\t\t\t\n\t\t>\n<div class=\"siteorigin-widget-tinymce textwidget\">\n\t<p>&nbsp;<\/p>\n<h3>Models de cuines, modernes i cl\u00e0ssiques:<\/h3>\n<p style=\"text-align: justify;\">Per veure els diferents models de cuines que tenim disponibles, entri a la nostra p\u00e0gina de mobles de cuina, o accedeixi directament al nostre cat\u00e0leg de dissenys moderns o cl\u00e0ssics. Tamb\u00e9 pot accedir als diferents complements utilitzats, tals com els damunters i els electrodom\u00e8stics des de les p\u00e0gines relacionades.<\/p>\n<\/div>\n<\/div><\/div><\/div><\/div><div id=\"pg-6696-11\"  class=\"panel-grid panel-has-style\" ><div class=\"siteorigin-panels-stretch panel-row-style panel-row-style-for-6696-11\" data-stretch-type=\"full\" ><div id=\"pgc-6696-11-0\"  class=\"panel-grid-cell\" ><div id=\"panel-6696-11-0-0\" class=\"so-panel widget widget_sow-post-carousel panel-first-child panel-last-child\" data-index=\"19\" ><div\n\t\t\t\n\t\t\tclass=\"so-widget-sow-post-carousel so-widget-sow-post-carousel-base-ad93eedad001-6696\"\n\t\t\t\n\t\t>\t<div\n\t\tclass=\"sow-post-carousel-wrapper sow-post-carousel-theme-base\"\n\t\tstyle=\"overflow: hidden; max-width: 100%; min-height: 182px\"\n\t>\n\t\t<div class=\"sow-carousel-title has-title\">\n\t<h3 class=\"widget-title\">P\u00e0gines relacionades:<\/h3>\t\t<div class=\"sow-carousel-navigation \">\n\t\t\t\t\t\t<a href=\"#\" class=\"sow-carousel-next\" title=\"Next\" aria-label=\"Next Posts\" role=\"button\"><\/a>\n\t\t\t\t\t\t<a href=\"#\" class=\"sow-carousel-previous\" title=\"Previous\" aria-label=\"Previous Posts\" role=\"button\"><\/a>\n\t\t\t\t\t<\/div>\n\t<\/div>\n\n<div class=\"sow-carousel-container \">\n\t\t<div class=\"sow-carousel-wrapper\"\n\t\tdata-dir=\"ltr\"\n\t\tstyle=\"opacity: 0;\"\n\t\tdata-widget=\"post\" data-fetching=\"false\" data-page=\"1\" data-ajax-url=\"https:\/\/araminteriors.com\/wp-admin\/admin-ajax.php?_widgets_nonce=f96abf8855\" data-item_count=\"5\" data-carousel_settings=\"{&quot;loop&quot;:true,&quot;animation&quot;:&quot;Ease&quot;,&quot;animation_speed&quot;:400,&quot;autoplay&quot;:&quot;&quot;,&quot;pauseOnHover&quot;:&quot;&quot;,&quot;autoplaySpeed&quot;:8000,&quot;item_overflow&quot;:true,&quot;autoplay_continuous_scroll&quot;:false}\" data-responsive=\"{&quot;desktop_slides_to_scroll&quot;:1,&quot;tablet_landscape_breakpoint&quot;:1366,&quot;tablet_landscape_slides_to_scroll&quot;:2,&quot;tablet_portrait_breakpoint&quot;:1025,&quot;tablet_portrait_slides_to_scroll&quot;:2,&quot;mobile_breakpoint&quot;:480,&quot;mobile_slides_to_scroll&quot;:1}\" data-variable_width=\"true\" \t>\n\t\t<div\n\t\t\tclass=\"sow-carousel-items\"\n\t\t\t\t\t>\n\t\t\t\t<div class=\"sow-carousel-item\" tabindex=\"-1\" style=\"float: left;\">\n\t\t<div class=\"sow-carousel-thumbnail\">\n\t\t\t\t\t\t\t<a\n\t\t\t\t\thref=\"https:\/\/araminteriors.com\/ca\/cuines\/modernes\/\"\n\t\t\t\t\t\t\t\t\t\tstyle=\"background-image: url( https:\/\/araminteriors.com\/wp-content\/uploads\/2018\/01\/Cocina-moderna-gandia-272x182.jpg )\"\n\t\t\t\t\taria-labelledby=\"sow-carousel-id-6682\"\n\t\t\t\t\ttabindex=\"-1\"\n\t\t\t\t>\n\t\t\t\t\t<span class=\"overlay\"><\/span>\n\t\t\t\t<\/a>\n\t\t\t\t\t<\/div>\n\t\t<h3 class=\"sow-carousel-item-title\">\n\t\t\t<a\n\t\t\t\thref=\"https:\/\/araminteriors.com\/ca\/cuines\/modernes\/\"\n\t\t\t\tid=\"sow-carousel-id-6682\"\n\t\t\t\t\t\t\t\ttabindex=\"-1\"\n\t\t\t>\n\n\t\t\t\tCuines modernes\t\t\t<\/a>\n\t\t<\/h3>\n\t<\/div>\n\t\t<div class=\"sow-carousel-item\" tabindex=\"-1\" style=\"float: left;\">\n\t\t<div class=\"sow-carousel-thumbnail\">\n\t\t\t\t\t\t\t<a\n\t\t\t\t\thref=\"https:\/\/araminteriors.com\/ca\/cuines\/classiques-o-rustiques\/\"\n\t\t\t\t\t\t\t\t\t\tstyle=\"background-image: url( https:\/\/araminteriors.com\/wp-content\/uploads\/2018\/01\/Cocina-Habana-272x182.jpg )\"\n\t\t\t\t\taria-labelledby=\"sow-carousel-id-6665\"\n\t\t\t\t\ttabindex=\"-1\"\n\t\t\t\t>\n\t\t\t\t\t<span class=\"overlay\"><\/span>\n\t\t\t\t<\/a>\n\t\t\t\t\t<\/div>\n\t\t<h3 class=\"sow-carousel-item-title\">\n\t\t\t<a\n\t\t\t\thref=\"https:\/\/araminteriors.com\/ca\/cuines\/classiques-o-rustiques\/\"\n\t\t\t\tid=\"sow-carousel-id-6665\"\n\t\t\t\t\t\t\t\ttabindex=\"-1\"\n\t\t\t>\n\n\t\t\t\tCuines cl\u00e0ssiques o r\u00fastiques\t\t\t<\/a>\n\t\t<\/h3>\n\t<\/div>\n\t\t<div class=\"sow-carousel-item\" tabindex=\"-1\" style=\"float: left;\">\n\t\t<div class=\"sow-carousel-thumbnail\">\n\t\t\t\t\t\t\t<a\n\t\t\t\t\thref=\"https:\/\/araminteriors.com\/ca\/cuines\/damunters-per-a-cuina\/\"\n\t\t\t\t\t\t\t\t\t\tstyle=\"background-image: url( https:\/\/araminteriors.com\/wp-content\/uploads\/2014\/02\/silestone-cocina-blanco-zeus-extreme.jpg )\"\n\t\t\t\t\taria-labelledby=\"sow-carousel-id-6642\"\n\t\t\t\t\ttabindex=\"-1\"\n\t\t\t\t>\n\t\t\t\t\t<span class=\"overlay\"><\/span>\n\t\t\t\t<\/a>\n\t\t\t\t\t<\/div>\n\t\t<h3 class=\"sow-carousel-item-title\">\n\t\t\t<a\n\t\t\t\thref=\"https:\/\/araminteriors.com\/ca\/cuines\/damunters-per-a-cuina\/\"\n\t\t\t\tid=\"sow-carousel-id-6642\"\n\t\t\t\t\t\t\t\ttabindex=\"-1\"\n\t\t\t>\n\n\t\t\t\tTaulells per a cuina\t\t\t<\/a>\n\t\t<\/h3>\n\t<\/div>\n\t\t<div class=\"sow-carousel-item\" tabindex=\"-1\" style=\"float: left;\">\n\t\t<div class=\"sow-carousel-thumbnail\">\n\t\t\t\t\t\t\t<a\n\t\t\t\t\thref=\"https:\/\/araminteriors.com\/ca\/cuines\/mobles-de-cuina\/\"\n\t\t\t\t\t\t\t\t\t\tstyle=\"background-image: url( https:\/\/araminteriors.com\/wp-content\/uploads\/2014\/02\/Muebles-de-cocina-portada-e1430573409542-272x182.jpg )\"\n\t\t\t\t\taria-labelledby=\"sow-carousel-id-6465\"\n\t\t\t\t\ttabindex=\"-1\"\n\t\t\t\t>\n\t\t\t\t\t<span class=\"overlay\"><\/span>\n\t\t\t\t<\/a>\n\t\t\t\t\t<\/div>\n\t\t<h3 class=\"sow-carousel-item-title\">\n\t\t\t<a\n\t\t\t\thref=\"https:\/\/araminteriors.com\/ca\/cuines\/mobles-de-cuina\/\"\n\t\t\t\tid=\"sow-carousel-id-6465\"\n\t\t\t\t\t\t\t\ttabindex=\"-1\"\n\t\t\t>\n\n\t\t\t\tMobles de cuina\t\t\t<\/a>\n\t\t<\/h3>\n\t<\/div>\n\t\t<div class=\"sow-carousel-item\" tabindex=\"-1\" style=\"float: left;\">\n\t\t<div class=\"sow-carousel-thumbnail\">\n\t\t\t\t\t\t\t<a\n\t\t\t\t\thref=\"https:\/\/araminteriors.com\/ca\/cuines\/\"\n\t\t\t\t\t\t\t\t\t\tstyle=\"background-image: url( https:\/\/araminteriors.com\/wp-content\/uploads\/2014\/02\/contirador-5-e1394965651502-272x182.jpg )\"\n\t\t\t\t\taria-labelledby=\"sow-carousel-id-6452\"\n\t\t\t\t\ttabindex=\"-1\"\n\t\t\t\t>\n\t\t\t\t\t<span class=\"overlay\"><\/span>\n\t\t\t\t<\/a>\n\t\t\t\t\t<\/div>\n\t\t<h3 class=\"sow-carousel-item-title\">\n\t\t\t<a\n\t\t\t\thref=\"https:\/\/araminteriors.com\/ca\/cuines\/\"\n\t\t\t\tid=\"sow-carousel-id-6452\"\n\t\t\t\t\t\t\t\ttabindex=\"-1\"\n\t\t\t>\n\n\t\t\t\tReformes de Cuines\t\t\t<\/a>\n\t\t<\/h3>\n\t<\/div>\n\t\t\t<\/div>\n\t\t\t<\/div>\n\n\t<\/div>\n\t\t<input type=\"hidden\" name=\"instance_hash\" value=\"7f72aaec\"\/>\n\t<\/div>\n<\/div><\/div><\/div><\/div><\/div><div id=\"pg-6696-12\"  class=\"panel-grid panel-has-style\" ><div class=\"panel-row-style panel-row-style-for-6696-12\" ><div id=\"pgc-6696-12-0\"  class=\"panel-grid-cell panel-grid-cell-mobile-last\" ><div id=\"panel-6696-12-0-0\" class=\"so-panel widget widget_sow-editor panel-first-child panel-last-child\" data-index=\"20\" ><div\n\t\t\t\n\t\t\tclass=\"so-widget-sow-editor so-widget-sow-editor-base\"\n\t\t\t\n\t\t>\n<div class=\"siteorigin-widget-tinymce textwidget\">\n\t<h3>Pressupost de cuina:<\/h3>\n<p style=\"text-align: justify;\">Si desitja que li confeccionem un pressupost dels mobles de cuina o la cuina completa, amb o sense reforma, posi's en contacte amb nosaltres a trav\u00e9s del formulari i indiqui'ns que qualitats desitja al pressupost. Si disposa d'un pl\u00e0nol de la cuina sempre pot adjuntar-ho (opci\u00f3 disponible en el formulari).<\/p>\n<p>En breu ens posarem en contacte amb vost\u00e8.<\/p>\n<p>&nbsp;<\/p>\n<p><a href=\"https:\/\/araminteriors.com\/ca\/sol%c2%b7licitar-pressupost\/\"><span style=\"color: #fc5800;\">Sol\u00b7licitut de pressupost -<\/span><\/a><\/p>\n<\/div>\n<\/div><\/div><\/div><div id=\"pgc-6696-12-1\"  class=\"panel-grid-cell panel-grid-cell-empty\" ><\/div><\/div><\/div><div id=\"pg-6696-13\"  class=\"panel-grid panel-no-style\" ><div id=\"pgc-6696-13-0\"  class=\"panel-grid-cell\" ><div id=\"panel-6696-13-0-0\" class=\"so-panel widget widget_sow-editor panel-first-child panel-last-child\" data-index=\"21\" ><div\n\t\t\t\n\t\t\tclass=\"so-widget-sow-editor so-widget-sow-editor-base\"\n\t\t\t\n\t\t>\n<div class=\"siteorigin-widget-tinymce textwidget\">\n\t<p>[ssbp]<\/p>\n<\/div>\n<\/div><\/div><\/div><\/div><\/div>","protected":false},"excerpt":{"rendered":"<p>A Aram Interiors realitzem projectes de reforma de cuines a Barcelona, cuines de qualitat i &#8230; <\/p>\n<p class=\"read-more-container\"><a title=\"Reformes de Cuines\" class=\"read-more button\" href=\"https:\/\/araminteriors.com\/ca\/cuines\/#more-6452\" aria-label=\"M\u00e9s informaci\u00f3 sobre Reformes de Cuines\">Leer m\u00e1s<\/a><\/p>\n","protected":false},"author":3,"featured_media":6127,"parent":6452,"menu_order":0,"comment_status":"closed","ping_status":"closed","template":"","meta":{"generate_page_header":"","footnotes":""},"class_list":["post-6696","page","type-page","status-publish","has-post-thumbnail"],"aioseo_notices":[],"_links":{"self":[{"href":"https:\/\/araminteriors.com\/ca\/wp-json\/wp\/v2\/pages\/6696","targetHints":{"allow":["GET"]}}],"collection":[{"href":"https:\/\/araminteriors.com\/ca\/wp-json\/wp\/v2\/pages"}],"about":[{"href":"https:\/\/araminteriors.com\/ca\/wp-json\/wp\/v2\/types\/page"}],"author":[{"embeddable":true,"href":"https:\/\/araminteriors.com\/ca\/wp-json\/wp\/v2\/users\/3"}],"replies":[{"embeddable":true,"href":"https:\/\/araminteriors.com\/ca\/wp-json\/wp\/v2\/comments?post=6696"}],"version-history":[{"count":0,"href":"https:\/\/araminteriors.com\/ca\/wp-json\/wp\/v2\/pages\/6696\/revisions"}],"up":[{"embeddable":true,"href":"https:\/\/araminteriors.com\/ca\/wp-json\/wp\/v2\/pages\/6452"}],"wp:featuredmedia":[{"embeddable":true,"href":"https:\/\/araminteriors.com\/ca\/wp-json\/wp\/v2\/media\/6127"}],"wp:attachment":[{"href":"https:\/\/araminteriors.com\/ca\/wp-json\/wp\/v2\/media?parent=6696"}],"curies":[{"name":"wp","href":"https:\/\/api.w.org\/{rel}","templated":true}]}}